{"id":7311,"date":"2024-09-26T12:29:01","date_gmt":"2024-09-26T10:29:01","guid":{"rendered":"https:\/\/www.panelesach.com\/projects\/"},"modified":"2024-11-29T10:52:38","modified_gmt":"2024-11-29T09:52:38","slug":"projects","status":"publish","type":"page","link":"https:\/\/www.panelesach.com\/fr\/projects\/","title":{"rendered":"Projects"},"content":{"rendered":"\t\t<div data-elementor-type=\"wp-page\" data-elementor-id=\"7311\" class=\"elementor elementor-7311 elementor-250\" data-elementor-post-type=\"page\">\n\t\t\t\t<div class=\"elementor-element elementor-element-e8a751b e-flex e-con-boxed e-con e-parent\" data-id=\"e8a751b\" data-element_type=\"container\" data-e-type=\"container\" data-settings=\"{&quot;background_background&quot;:&quot;classic&quot;}\">\n\t\t\t\t\t<div class=\"e-con-inner\">\n\t\t\t\t<div class=\"elementor-element elementor-element-33921c0 elementor-widget elementor-widget-heading\" data-id=\"33921c0\" data-element_type=\"widget\" data-e-type=\"widget\" data-widget_type=\"heading.default\">\n\t\t\t\t<div class=\"elementor-widget-container\">\n\t\t\t\t\t<h1 class=\"elementor-heading-title elementor-size-default\">Panneaux ACH Projects<\/h1>\t\t\t\t<\/div>\n\t\t\t\t<\/div>\n\t\t\t\t<div class=\"elementor-element elementor-element-a28b6cf elementor-widget elementor-widget-text-editor\" data-id=\"a28b6cf\" data-element_type=\"widget\" data-e-type=\"widget\" data-widget_type=\"text-editor.default\">\n\t\t\t\t<div class=\"elementor-widget-container\">\n\t\t\t\t\t\t\t\t\t<p>Nos projets de cl\u00f4tures industrielles, nos solutions pour les toits et les fa\u00e7ades, nos solutions acoustiques et de r\u00e9sistance au feu offrent la plus grande qualit\u00e9, certificat et versatilit\u00e9.<\/p>\n\t\t\t\t\t\t\t\t<\/div>\n\t\t\t\t<\/div>\n\t\t\t\t\t<\/div>\n\t\t\t\t<\/div>\n\t\t<div class=\"elementor-element elementor-element-17b2bbe e-flex e-con-boxed e-con e-parent\" data-id=\"17b2bbe\" data-element_type=\"container\" data-e-type=\"container\">\n\t\t\t\t\t<div class=\"e-con-inner\">\n\t\t\t\t<div class=\"elementor-element elementor-element-b41e603 elementor-grid-3 elementor-grid-tablet-2 elementor-grid-mobile-1 elementor-widget elementor-widget-loop-grid\" data-id=\"b41e603\" data-element_type=\"widget\" data-e-type=\"widget\" data-settings=\"{&quot;template_id&quot;:301,&quot;row_gap&quot;:{&quot;unit&quot;:&quot;px&quot;,&quot;size&quot;:20,&quot;sizes&quot;:[]},&quot;_skin&quot;:&quot;post&quot;,&quot;columns&quot;:&quot;3&quot;,&quot;columns_tablet&quot;:&quot;2&quot;,&quot;columns_mobile&quot;:&quot;1&quot;,&quot;edit_handle_selector&quot;:&quot;[data-elementor-type=\\&quot;loop-item\\&quot;]&quot;,&quot;row_gap_tablet&quot;:{&quot;unit&quot;:&quot;px&quot;,&quot;size&quot;:&quot;&quot;,&quot;sizes&quot;:[]},&quot;row_gap_mobile&quot;:{&quot;unit&quot;:&quot;px&quot;,&quot;size&quot;:&quot;&quot;,&quot;sizes&quot;:[]}}\" data-widget_type=\"loop-grid.post\">\n\t\t\t\t<div class=\"elementor-widget-container\">\n\t\t\t\t\t\t\t<div class=\"elementor-loop-container elementor-grid\" role=\"list\">\n\t\t<style id=\"loop-301\">.elementor-301 .elementor-element.elementor-element-a6e60b3{--display:flex;--flex-direction:column;--container-widget-width:100%;--container-widget-height:initial;--container-widget-flex-grow:0;--container-widget-align-self:initial;--flex-wrap-mobile:wrap;--padding-top:0px;--padding-bottom:0px;--padding-left:0px;--padding-right:0px;}.elementor-301 .elementor-element.elementor-element-1be8d81 img{border-radius:15px 15px 15px 15px;}<\/style>\t\t<div data-elementor-type=\"loop-item\" data-elementor-id=\"301\" class=\"elementor elementor-301 e-loop-item e-loop-item-231 post-231 proyecto type-proyecto status-publish has-post-thumbnail hentry proyecto-paneles-lana-de-roca\" data-elementor-post-type=\"elementor_library\" data-custom-edit-handle=\"1\">\n\t\t\t<div class=\"elementor-element elementor-element-a6e60b3 e-flex e-con-boxed e-con e-parent\" data-id=\"a6e60b3\" data-element_type=\"container\" data-e-type=\"container\">\n\t\t\t\t\t<div class=\"e-con-inner\">\n\t\t\t\t<div class=\"elementor-element elementor-element-1be8d81 elementor-widget elementor-widget-image\" data-id=\"1be8d81\" data-element_type=\"widget\" data-e-type=\"widget\" data-widget_type=\"image.default\">\n\t\t\t\t<div class=\"elementor-widget-container\">\n\t\t\t\t\t\t\t\t\t\t\t\t\t\t\t\t<a href=\"https:\/\/www.panelesach.com\/wp-content\/uploads\/2024\/09\/paneles-ach-panel-sandwich-lana-de-roca-machihembrado-sectorizacion-ikea.jpg\" data-elementor-open-lightbox=\"yes\" data-elementor-lightbox-title=\"Panel S\u00e1ndwich de Lana de Roca Machihembrado Sectorizaci\u00f3n\" data-e-action-hash=\"#elementor-action%3Aaction%3Dlightbox%26settings%3DeyJpZCI6MjMyLCJ1cmwiOiJodHRwczpcL1wvd3d3LnBhbmVsZXNhY2guY29tXC93cC1jb250ZW50XC91cGxvYWRzXC8yMDI0XC8wOVwvcGFuZWxlcy1hY2gtcGFuZWwtc2FuZHdpY2gtbGFuYS1kZS1yb2NhLW1hY2hpaGVtYnJhZG8tc2VjdG9yaXphY2lvbi1pa2VhLmpwZyJ9\">\n\t\t\t\t\t\t\t<img fetchpriority=\"high\" decoding=\"async\" width=\"720\" height=\"455\" src=\"https:\/\/www.panelesach.com\/wp-content\/uploads\/2024\/09\/paneles-ach-panel-sandwich-lana-de-roca-machihembrado-sectorizacion-ikea.jpg\" class=\"attachment-large size-large wp-image-232\" alt=\"Panel S\u00e1ndwich de Lana de Roca Machihembrado Sectorizaci\u00f3n\" srcset=\"https:\/\/www.panelesach.com\/wp-content\/uploads\/2024\/09\/paneles-ach-panel-sandwich-lana-de-roca-machihembrado-sectorizacion-ikea.jpg 720w, https:\/\/www.panelesach.com\/wp-content\/uploads\/2024\/09\/paneles-ach-panel-sandwich-lana-de-roca-machihembrado-sectorizacion-ikea-300x190.jpg 300w\" sizes=\"(max-width: 720px) 100vw, 720px\" \/>\t\t\t\t\t\t\t\t<\/a>\n\t\t\t\t\t\t\t\t\t\t\t\t\t\t\t<\/div>\n\t\t\t\t<\/div>\n\t\t\t\t\t<\/div>\n\t\t\t\t<\/div>\n\t\t\t\t<\/div>\n\t\t\t\t<div data-elementor-type=\"loop-item\" data-elementor-id=\"301\" class=\"elementor elementor-301 e-loop-item e-loop-item-235 post-235 proyecto type-proyecto status-publish has-post-thumbnail hentry proyecto-paneles-lana-de-roca\" data-elementor-post-type=\"elementor_library\" data-custom-edit-handle=\"1\">\n\t\t\t<div class=\"elementor-element elementor-element-a6e60b3 e-flex e-con-boxed e-con e-parent\" data-id=\"a6e60b3\" data-element_type=\"container\" data-e-type=\"container\">\n\t\t\t\t\t<div class=\"e-con-inner\">\n\t\t\t\t<div class=\"elementor-element elementor-element-1be8d81 elementor-widget elementor-widget-image\" data-id=\"1be8d81\" data-element_type=\"widget\" data-e-type=\"widget\" data-widget_type=\"image.default\">\n\t\t\t\t<div class=\"elementor-widget-container\">\n\t\t\t\t\t\t\t\t\t\t\t\t\t\t\t\t<a href=\"https:\/\/www.panelesach.com\/wp-content\/uploads\/2024\/09\/paneles-ach-panel-sandwich-lana-de-roca-2-grecas-cubierta.jpg\" data-elementor-open-lightbox=\"yes\" data-elementor-lightbox-title=\"Panel S\u00e1ndwich de Lana de Roca 2 Grecas de Cubierta\" data-e-action-hash=\"#elementor-action%3Aaction%3Dlightbox%26settings%3DeyJpZCI6MjM2LCJ1cmwiOiJodHRwczpcL1wvd3d3LnBhbmVsZXNhY2guY29tXC93cC1jb250ZW50XC91cGxvYWRzXC8yMDI0XC8wOVwvcGFuZWxlcy1hY2gtcGFuZWwtc2FuZHdpY2gtbGFuYS1kZS1yb2NhLTItZ3JlY2FzLWN1YmllcnRhLmpwZyJ9\">\n\t\t\t\t\t\t\t<img decoding=\"async\" width=\"720\" height=\"455\" src=\"https:\/\/www.panelesach.com\/wp-content\/uploads\/2024\/09\/paneles-ach-panel-sandwich-lana-de-roca-2-grecas-cubierta.jpg\" class=\"attachment-large size-large wp-image-236\" alt=\"Panel S\u00e1ndwich de Lana de Roca 2 Grecas de Cubierta\" srcset=\"https:\/\/www.panelesach.com\/wp-content\/uploads\/2024\/09\/paneles-ach-panel-sandwich-lana-de-roca-2-grecas-cubierta.jpg 720w, https:\/\/www.panelesach.com\/wp-content\/uploads\/2024\/09\/paneles-ach-panel-sandwich-lana-de-roca-2-grecas-cubierta-300x190.jpg 300w\" sizes=\"(max-width: 720px) 100vw, 720px\" \/>\t\t\t\t\t\t\t\t<\/a>\n\t\t\t\t\t\t\t\t\t\t\t\t\t\t\t<\/div>\n\t\t\t\t<\/div>\n\t\t\t\t\t<\/div>\n\t\t\t\t<\/div>\n\t\t\t\t<\/div>\n\t\t\t\t<div data-elementor-type=\"loop-item\" data-elementor-id=\"301\" class=\"elementor elementor-301 e-loop-item e-loop-item-237 post-237 proyecto type-proyecto status-publish has-post-thumbnail hentry proyecto-paneles-lana-de-roca\" data-elementor-post-type=\"elementor_library\" data-custom-edit-handle=\"1\">\n\t\t\t<div class=\"elementor-element elementor-element-a6e60b3 e-flex e-con-boxed e-con e-parent\" data-id=\"a6e60b3\" data-element_type=\"container\" data-e-type=\"container\">\n\t\t\t\t\t<div class=\"e-con-inner\">\n\t\t\t\t<div class=\"elementor-element elementor-element-1be8d81 elementor-widget elementor-widget-image\" data-id=\"1be8d81\" data-element_type=\"widget\" data-e-type=\"widget\" data-widget_type=\"image.default\">\n\t\t\t\t<div class=\"elementor-widget-container\">\n\t\t\t\t\t\t\t\t\t\t\t\t\t\t\t\t<a href=\"https:\/\/www.panelesach.com\/wp-content\/uploads\/2024\/09\/polideportivo-mieres-asturias.jpg\" data-elementor-open-lightbox=\"yes\" data-elementor-lightbox-title=\"Polideportivo Mieres - Asturias\" data-e-action-hash=\"#elementor-action%3Aaction%3Dlightbox%26settings%3DeyJpZCI6MjM4LCJ1cmwiOiJodHRwczpcL1wvd3d3LnBhbmVsZXNhY2guY29tXC93cC1jb250ZW50XC91cGxvYWRzXC8yMDI0XC8wOVwvcG9saWRlcG9ydGl2by1taWVyZXMtYXN0dXJpYXMuanBnIn0%3D\">\n\t\t\t\t\t\t\t<img decoding=\"async\" width=\"800\" height=\"506\" src=\"https:\/\/www.panelesach.com\/wp-content\/uploads\/2024\/09\/polideportivo-mieres-asturias.jpg\" class=\"attachment-large size-large wp-image-238\" alt=\"Polideportivo Mieres - Asturias\" srcset=\"https:\/\/www.panelesach.com\/wp-content\/uploads\/2024\/09\/polideportivo-mieres-asturias.jpg 973w, https:\/\/www.panelesach.com\/wp-content\/uploads\/2024\/09\/polideportivo-mieres-asturias-300x190.jpg 300w, https:\/\/www.panelesach.com\/wp-content\/uploads\/2024\/09\/polideportivo-mieres-asturias-768x485.jpg 768w\" sizes=\"(max-width: 800px) 100vw, 800px\" \/>\t\t\t\t\t\t\t\t<\/a>\n\t\t\t\t\t\t\t\t\t\t\t\t\t\t\t<\/div>\n\t\t\t\t<\/div>\n\t\t\t\t\t<\/div>\n\t\t\t\t<\/div>\n\t\t\t\t<\/div>\n\t\t\t\t<div data-elementor-type=\"loop-item\" data-elementor-id=\"301\" class=\"elementor elementor-301 e-loop-item e-loop-item-239 post-239 proyecto type-proyecto status-publish has-post-thumbnail hentry proyecto-paneles-lana-de-roca\" data-elementor-post-type=\"elementor_library\" data-custom-edit-handle=\"1\">\n\t\t\t<div class=\"elementor-element elementor-element-a6e60b3 e-flex e-con-boxed e-con e-parent\" data-id=\"a6e60b3\" data-element_type=\"container\" data-e-type=\"container\">\n\t\t\t\t\t<div class=\"e-con-inner\">\n\t\t\t\t<div class=\"elementor-element elementor-element-1be8d81 elementor-widget elementor-widget-image\" data-id=\"1be8d81\" data-element_type=\"widget\" data-e-type=\"widget\" data-widget_type=\"image.default\">\n\t\t\t\t<div class=\"elementor-widget-container\">\n\t\t\t\t\t\t\t\t\t\t\t\t\t\t\t\t<a href=\"https:\/\/www.panelesach.com\/wp-content\/uploads\/2024\/09\/paneles-ach-galeria-cerramientos-industriales-centro-comercial-bricolaje-albacete.png\" data-elementor-open-lightbox=\"yes\" data-elementor-lightbox-title=\"Centro Comercial Bricolaje Albacete\" data-e-action-hash=\"#elementor-action%3Aaction%3Dlightbox%26settings%3DeyJpZCI6MjQwLCJ1cmwiOiJodHRwczpcL1wvd3d3LnBhbmVsZXNhY2guY29tXC93cC1jb250ZW50XC91cGxvYWRzXC8yMDI0XC8wOVwvcGFuZWxlcy1hY2gtZ2FsZXJpYS1jZXJyYW1pZW50b3MtaW5kdXN0cmlhbGVzLWNlbnRyby1jb21lcmNpYWwtYnJpY29sYWplLWFsYmFjZXRlLnBuZyJ9\">\n\t\t\t\t\t\t\t<img loading=\"lazy\" decoding=\"async\" width=\"800\" height=\"506\" src=\"https:\/\/www.panelesach.com\/wp-content\/uploads\/2024\/09\/paneles-ach-galeria-cerramientos-industriales-centro-comercial-bricolaje-albacete.png\" class=\"attachment-large size-large wp-image-240\" alt=\"Centro Comercial Bricolaje Albacete\" srcset=\"https:\/\/www.panelesach.com\/wp-content\/uploads\/2024\/09\/paneles-ach-galeria-cerramientos-industriales-centro-comercial-bricolaje-albacete.png 973w, https:\/\/www.panelesach.com\/wp-content\/uploads\/2024\/09\/paneles-ach-galeria-cerramientos-industriales-centro-comercial-bricolaje-albacete-300x190.png 300w, https:\/\/www.panelesach.com\/wp-content\/uploads\/2024\/09\/paneles-ach-galeria-cerramientos-industriales-centro-comercial-bricolaje-albacete-768x485.png 768w\" sizes=\"(max-width: 800px) 100vw, 800px\" \/>\t\t\t\t\t\t\t\t<\/a>\n\t\t\t\t\t\t\t\t\t\t\t\t\t\t\t<\/div>\n\t\t\t\t<\/div>\n\t\t\t\t\t<\/div>\n\t\t\t\t<\/div>\n\t\t\t\t<\/div>\n\t\t\t\t<div data-elementor-type=\"loop-item\" data-elementor-id=\"301\" class=\"elementor elementor-301 e-loop-item e-loop-item-241 post-241 proyecto type-proyecto status-publish has-post-thumbnail hentry proyecto-paneles-lana-de-roca\" data-elementor-post-type=\"elementor_library\" data-custom-edit-handle=\"1\">\n\t\t\t<div class=\"elementor-element elementor-element-a6e60b3 e-flex e-con-boxed e-con e-parent\" data-id=\"a6e60b3\" data-element_type=\"container\" data-e-type=\"container\">\n\t\t\t\t\t<div class=\"e-con-inner\">\n\t\t\t\t<div class=\"elementor-element elementor-element-1be8d81 elementor-widget elementor-widget-image\" data-id=\"1be8d81\" data-element_type=\"widget\" data-e-type=\"widget\" data-widget_type=\"image.default\">\n\t\t\t\t<div class=\"elementor-widget-container\">\n\t\t\t\t\t\t\t\t\t\t\t\t\t\t\t\t<a href=\"https:\/\/www.panelesach.com\/wp-content\/uploads\/2024\/09\/paneles-ach-galeria-cerramientos-industriales-citroen-vigo.jpg\" data-elementor-open-lightbox=\"yes\" data-elementor-lightbox-title=\"Paneles Citroen - Vigo\" data-e-action-hash=\"#elementor-action%3Aaction%3Dlightbox%26settings%3DeyJpZCI6MjQyLCJ1cmwiOiJodHRwczpcL1wvd3d3LnBhbmVsZXNhY2guY29tXC93cC1jb250ZW50XC91cGxvYWRzXC8yMDI0XC8wOVwvcGFuZWxlcy1hY2gtZ2FsZXJpYS1jZXJyYW1pZW50b3MtaW5kdXN0cmlhbGVzLWNpdHJvZW4tdmlnby5qcGcifQ%3D%3D\">\n\t\t\t\t\t\t\t<img loading=\"lazy\" decoding=\"async\" width=\"800\" height=\"506\" src=\"https:\/\/www.panelesach.com\/wp-content\/uploads\/2024\/09\/paneles-ach-galeria-cerramientos-industriales-citroen-vigo.jpg\" class=\"attachment-large size-large wp-image-242\" alt=\"Paneles Citroen - Vigo\" srcset=\"https:\/\/www.panelesach.com\/wp-content\/uploads\/2024\/09\/paneles-ach-galeria-cerramientos-industriales-citroen-vigo.jpg 973w, https:\/\/www.panelesach.com\/wp-content\/uploads\/2024\/09\/paneles-ach-galeria-cerramientos-industriales-citroen-vigo-300x190.jpg 300w, https:\/\/www.panelesach.com\/wp-content\/uploads\/2024\/09\/paneles-ach-galeria-cerramientos-industriales-citroen-vigo-768x485.jpg 768w\" sizes=\"(max-width: 800px) 100vw, 800px\" \/>\t\t\t\t\t\t\t\t<\/a>\n\t\t\t\t\t\t\t\t\t\t\t\t\t\t\t<\/div>\n\t\t\t\t<\/div>\n\t\t\t\t\t<\/div>\n\t\t\t\t<\/div>\n\t\t\t\t<\/div>\n\t\t\t\t<div data-elementor-type=\"loop-item\" data-elementor-id=\"301\" class=\"elementor elementor-301 e-loop-item e-loop-item-327 post-327 proyecto type-proyecto status-publish has-post-thumbnail hentry proyecto-paneles-lana-de-roca\" data-elementor-post-type=\"elementor_library\" data-custom-edit-handle=\"1\">\n\t\t\t<div class=\"elementor-element elementor-element-a6e60b3 e-flex e-con-boxed e-con e-parent\" data-id=\"a6e60b3\" data-element_type=\"container\" data-e-type=\"container\">\n\t\t\t\t\t<div class=\"e-con-inner\">\n\t\t\t\t<div class=\"elementor-element elementor-element-1be8d81 elementor-widget elementor-widget-image\" data-id=\"1be8d81\" data-element_type=\"widget\" data-e-type=\"widget\" data-widget_type=\"image.default\">\n\t\t\t\t<div class=\"elementor-widget-container\">\n\t\t\t\t\t\t\t\t\t\t\t\t\t\t\t\t<a href=\"https:\/\/www.panelesach.com\/wp-content\/uploads\/2024\/09\/paneles-ach-panel-sandwich-lana-de-roca-5-grecas-cubierta.jpg\" data-elementor-open-lightbox=\"yes\" data-elementor-lightbox-title=\"Panel s\u00e1ndwich de Lana de Roca 5 Grecas de Cubierta ACH\" data-e-action-hash=\"#elementor-action%3Aaction%3Dlightbox%26settings%3DeyJpZCI6MjM0LCJ1cmwiOiJodHRwczpcL1wvd3d3LnBhbmVsZXNhY2guY29tXC93cC1jb250ZW50XC91cGxvYWRzXC8yMDI0XC8wOVwvcGFuZWxlcy1hY2gtcGFuZWwtc2FuZHdpY2gtbGFuYS1kZS1yb2NhLTUtZ3JlY2FzLWN1YmllcnRhLmpwZyJ9\">\n\t\t\t\t\t\t\t<img loading=\"lazy\" decoding=\"async\" width=\"720\" height=\"455\" src=\"https:\/\/www.panelesach.com\/wp-content\/uploads\/2024\/09\/paneles-ach-panel-sandwich-lana-de-roca-5-grecas-cubierta.jpg\" class=\"attachment-large size-large wp-image-234\" alt=\"Panel s\u00e1ndwich de Lana de Roca 5 Grecas de Cubierta ACH\" srcset=\"https:\/\/www.panelesach.com\/wp-content\/uploads\/2024\/09\/paneles-ach-panel-sandwich-lana-de-roca-5-grecas-cubierta.jpg 720w, https:\/\/www.panelesach.com\/wp-content\/uploads\/2024\/09\/paneles-ach-panel-sandwich-lana-de-roca-5-grecas-cubierta-300x190.jpg 300w\" sizes=\"(max-width: 720px) 100vw, 720px\" \/>\t\t\t\t\t\t\t\t<\/a>\n\t\t\t\t\t\t\t\t\t\t\t\t\t\t\t<\/div>\n\t\t\t\t<\/div>\n\t\t\t\t\t<\/div>\n\t\t\t\t<\/div>\n\t\t\t\t<\/div>\n\t\t\t\t<div data-elementor-type=\"loop-item\" data-elementor-id=\"301\" class=\"elementor elementor-301 e-loop-item e-loop-item-331 post-331 proyecto type-proyecto status-publish has-post-thumbnail hentry proyecto-paneles-lana-de-roca\" data-elementor-post-type=\"elementor_library\" data-custom-edit-handle=\"1\">\n\t\t\t<div class=\"elementor-element elementor-element-a6e60b3 e-flex e-con-boxed e-con e-parent\" data-id=\"a6e60b3\" data-element_type=\"container\" data-e-type=\"container\">\n\t\t\t\t\t<div class=\"e-con-inner\">\n\t\t\t\t<div class=\"elementor-element elementor-element-1be8d81 elementor-widget elementor-widget-image\" data-id=\"1be8d81\" data-element_type=\"widget\" data-e-type=\"widget\" data-widget_type=\"image.default\">\n\t\t\t\t<div class=\"elementor-widget-container\">\n\t\t\t\t\t\t\t\t\t\t\t\t\t\t\t\t<a href=\"https:\/\/www.panelesach.com\/wp-content\/uploads\/2024\/10\/paneles-ach-galeria-cerramientos-industriales-logista-leganes.jpg\" data-elementor-open-lightbox=\"yes\" data-elementor-lightbox-title=\"Paneles Log\u00edstica Legan\u00e9s\" data-e-action-hash=\"#elementor-action%3Aaction%3Dlightbox%26settings%3DeyJpZCI6MzMyLCJ1cmwiOiJodHRwczpcL1wvd3d3LnBhbmVsZXNhY2guY29tXC93cC1jb250ZW50XC91cGxvYWRzXC8yMDI0XC8xMFwvcGFuZWxlcy1hY2gtZ2FsZXJpYS1jZXJyYW1pZW50b3MtaW5kdXN0cmlhbGVzLWxvZ2lzdGEtbGVnYW5lcy5qcGcifQ%3D%3D\">\n\t\t\t\t\t\t\t<img loading=\"lazy\" decoding=\"async\" width=\"800\" height=\"506\" src=\"https:\/\/www.panelesach.com\/wp-content\/uploads\/2024\/10\/paneles-ach-galeria-cerramientos-industriales-logista-leganes.jpg\" class=\"attachment-large size-large wp-image-332\" alt=\"Paneles Log\u00edstica Legan\u00e9s\" srcset=\"https:\/\/www.panelesach.com\/wp-content\/uploads\/2024\/10\/paneles-ach-galeria-cerramientos-industriales-logista-leganes.jpg 973w, https:\/\/www.panelesach.com\/wp-content\/uploads\/2024\/10\/paneles-ach-galeria-cerramientos-industriales-logista-leganes-300x190.jpg 300w, https:\/\/www.panelesach.com\/wp-content\/uploads\/2024\/10\/paneles-ach-galeria-cerramientos-industriales-logista-leganes-768x485.jpg 768w\" sizes=\"(max-width: 800px) 100vw, 800px\" \/>\t\t\t\t\t\t\t\t<\/a>\n\t\t\t\t\t\t\t\t\t\t\t\t\t\t\t<\/div>\n\t\t\t\t<\/div>\n\t\t\t\t\t<\/div>\n\t\t\t\t<\/div>\n\t\t\t\t<\/div>\n\t\t\t\t<div data-elementor-type=\"loop-item\" data-elementor-id=\"301\" class=\"elementor elementor-301 e-loop-item e-loop-item-342 post-342 proyecto type-proyecto status-publish has-post-thumbnail hentry proyecto-paneles-lana-de-roca\" data-elementor-post-type=\"elementor_library\" data-custom-edit-handle=\"1\">\n\t\t\t<div class=\"elementor-element elementor-element-a6e60b3 e-flex e-con-boxed e-con e-parent\" data-id=\"a6e60b3\" data-element_type=\"container\" data-e-type=\"container\">\n\t\t\t\t\t<div class=\"e-con-inner\">\n\t\t\t\t<div class=\"elementor-element elementor-element-1be8d81 elementor-widget elementor-widget-image\" data-id=\"1be8d81\" data-element_type=\"widget\" data-e-type=\"widget\" data-widget_type=\"image.default\">\n\t\t\t\t<div class=\"elementor-widget-container\">\n\t\t\t\t\t\t\t\t\t\t\t\t\t\t\t\t<a href=\"https:\/\/www.panelesach.com\/wp-content\/uploads\/2024\/10\/paneles-ach-galeria-cerramientos-industriales-central-termica-iberdrola.jpg\" data-elementor-open-lightbox=\"yes\" data-elementor-lightbox-title=\"Central T\u00e9rmica Iberdrola\" data-e-action-hash=\"#elementor-action%3Aaction%3Dlightbox%26settings%3DeyJpZCI6MzQzLCJ1cmwiOiJodHRwczpcL1wvd3d3LnBhbmVsZXNhY2guY29tXC93cC1jb250ZW50XC91cGxvYWRzXC8yMDI0XC8xMFwvcGFuZWxlcy1hY2gtZ2FsZXJpYS1jZXJyYW1pZW50b3MtaW5kdXN0cmlhbGVzLWNlbnRyYWwtdGVybWljYS1pYmVyZHJvbGEuanBnIn0%3D\">\n\t\t\t\t\t\t\t<img loading=\"lazy\" decoding=\"async\" width=\"800\" height=\"506\" src=\"https:\/\/www.panelesach.com\/wp-content\/uploads\/2024\/10\/paneles-ach-galeria-cerramientos-industriales-central-termica-iberdrola.jpg\" class=\"attachment-large size-large wp-image-343\" alt=\"Central T\u00e9rmica Iberdrola\" srcset=\"https:\/\/www.panelesach.com\/wp-content\/uploads\/2024\/10\/paneles-ach-galeria-cerramientos-industriales-central-termica-iberdrola.jpg 973w, https:\/\/www.panelesach.com\/wp-content\/uploads\/2024\/10\/paneles-ach-galeria-cerramientos-industriales-central-termica-iberdrola-300x190.jpg 300w, https:\/\/www.panelesach.com\/wp-content\/uploads\/2024\/10\/paneles-ach-galeria-cerramientos-industriales-central-termica-iberdrola-768x485.jpg 768w\" sizes=\"(max-width: 800px) 100vw, 800px\" \/>\t\t\t\t\t\t\t\t<\/a>\n\t\t\t\t\t\t\t\t\t\t\t\t\t\t\t<\/div>\n\t\t\t\t<\/div>\n\t\t\t\t\t<\/div>\n\t\t\t\t<\/div>\n\t\t\t\t<\/div>\n\t\t\t\t<div data-elementor-type=\"loop-item\" data-elementor-id=\"301\" class=\"elementor elementor-301 e-loop-item e-loop-item-344 post-344 proyecto type-proyecto status-publish has-post-thumbnail hentry proyecto-paneles-lana-de-roca\" data-elementor-post-type=\"elementor_library\" data-custom-edit-handle=\"1\">\n\t\t\t<div class=\"elementor-element elementor-element-a6e60b3 e-flex e-con-boxed e-con e-parent\" data-id=\"a6e60b3\" data-element_type=\"container\" data-e-type=\"container\">\n\t\t\t\t\t<div class=\"e-con-inner\">\n\t\t\t\t<div class=\"elementor-element elementor-element-1be8d81 elementor-widget elementor-widget-image\" data-id=\"1be8d81\" data-element_type=\"widget\" data-e-type=\"widget\" data-widget_type=\"image.default\">\n\t\t\t\t<div class=\"elementor-widget-container\">\n\t\t\t\t\t\t\t\t\t\t\t\t\t\t\t\t<a href=\"https:\/\/www.panelesach.com\/wp-content\/uploads\/2024\/10\/paneles-ach-panel-sandwich-lana-de-roca-iberia.jpg\" data-elementor-open-lightbox=\"yes\" data-elementor-lightbox-title=\"Paneles Lana de Roca Iberia\" data-e-action-hash=\"#elementor-action%3Aaction%3Dlightbox%26settings%3DeyJpZCI6MzQ1LCJ1cmwiOiJodHRwczpcL1wvd3d3LnBhbmVsZXNhY2guY29tXC93cC1jb250ZW50XC91cGxvYWRzXC8yMDI0XC8xMFwvcGFuZWxlcy1hY2gtcGFuZWwtc2FuZHdpY2gtbGFuYS1kZS1yb2NhLWliZXJpYS5qcGcifQ%3D%3D\">\n\t\t\t\t\t\t\t<img loading=\"lazy\" decoding=\"async\" width=\"360\" height=\"227\" src=\"https:\/\/www.panelesach.com\/wp-content\/uploads\/2024\/10\/paneles-ach-panel-sandwich-lana-de-roca-iberia.jpg\" class=\"attachment-large size-large wp-image-345\" alt=\"Paneles Lana de Roca Iberia\" srcset=\"https:\/\/www.panelesach.com\/wp-content\/uploads\/2024\/10\/paneles-ach-panel-sandwich-lana-de-roca-iberia.jpg 360w, https:\/\/www.panelesach.com\/wp-content\/uploads\/2024\/10\/paneles-ach-panel-sandwich-lana-de-roca-iberia-300x189.jpg 300w\" sizes=\"(max-width: 360px) 100vw, 360px\" \/>\t\t\t\t\t\t\t\t<\/a>\n\t\t\t\t\t\t\t\t\t\t\t\t\t\t\t<\/div>\n\t\t\t\t<\/div>\n\t\t\t\t\t<\/div>\n\t\t\t\t<\/div>\n\t\t\t\t<\/div>\n\t\t\t\t<div data-elementor-type=\"loop-item\" data-elementor-id=\"301\" class=\"elementor elementor-301 e-loop-item e-loop-item-346 post-346 proyecto type-proyecto status-publish has-post-thumbnail hentry proyecto-paneles-lana-de-roca\" data-elementor-post-type=\"elementor_library\" data-custom-edit-handle=\"1\">\n\t\t\t<div class=\"elementor-element elementor-element-a6e60b3 e-flex e-con-boxed e-con e-parent\" data-id=\"a6e60b3\" data-element_type=\"container\" data-e-type=\"container\">\n\t\t\t\t\t<div class=\"e-con-inner\">\n\t\t\t\t<div class=\"elementor-element elementor-element-1be8d81 elementor-widget elementor-widget-image\" data-id=\"1be8d81\" data-element_type=\"widget\" data-e-type=\"widget\" data-widget_type=\"image.default\">\n\t\t\t\t<div class=\"elementor-widget-container\">\n\t\t\t\t\t\t\t\t\t\t\t\t\t\t\t\t<a href=\"https:\/\/www.panelesach.com\/wp-content\/uploads\/2024\/10\/paneles-ach-panel-fachada-cubierta-LDR.jpg\" data-elementor-open-lightbox=\"yes\" data-elementor-lightbox-title=\"Molaflex: Paneles Fachada y Cubierta LDR\" data-e-action-hash=\"#elementor-action%3Aaction%3Dlightbox%26settings%3DeyJpZCI6MzQ3LCJ1cmwiOiJodHRwczpcL1wvd3d3LnBhbmVsZXNhY2guY29tXC93cC1jb250ZW50XC91cGxvYWRzXC8yMDI0XC8xMFwvcGFuZWxlcy1hY2gtcGFuZWwtZmFjaGFkYS1jdWJpZXJ0YS1MRFIuanBnIn0%3D\">\n\t\t\t\t\t\t\t<img loading=\"lazy\" decoding=\"async\" width=\"720\" height=\"455\" src=\"https:\/\/www.panelesach.com\/wp-content\/uploads\/2024\/10\/paneles-ach-panel-fachada-cubierta-LDR.jpg\" class=\"attachment-large size-large wp-image-347\" alt=\"Molaflex: Paneles Fachada y Cubierta LDR\" srcset=\"https:\/\/www.panelesach.com\/wp-content\/uploads\/2024\/10\/paneles-ach-panel-fachada-cubierta-LDR.jpg 720w, https:\/\/www.panelesach.com\/wp-content\/uploads\/2024\/10\/paneles-ach-panel-fachada-cubierta-LDR-300x190.jpg 300w\" sizes=\"(max-width: 720px) 100vw, 720px\" \/>\t\t\t\t\t\t\t\t<\/a>\n\t\t\t\t\t\t\t\t\t\t\t\t\t\t\t<\/div>\n\t\t\t\t<\/div>\n\t\t\t\t\t<\/div>\n\t\t\t\t<\/div>\n\t\t\t\t<\/div>\n\t\t\t\t<div data-elementor-type=\"loop-item\" data-elementor-id=\"301\" class=\"elementor elementor-301 e-loop-item e-loop-item-348 post-348 proyecto type-proyecto status-publish has-post-thumbnail hentry proyecto-paneles-lana-de-roca\" data-elementor-post-type=\"elementor_library\" data-custom-edit-handle=\"1\">\n\t\t\t<div class=\"elementor-element elementor-element-a6e60b3 e-flex e-con-boxed e-con e-parent\" data-id=\"a6e60b3\" data-element_type=\"container\" data-e-type=\"container\">\n\t\t\t\t\t<div class=\"e-con-inner\">\n\t\t\t\t<div class=\"elementor-element elementor-element-1be8d81 elementor-widget elementor-widget-image\" data-id=\"1be8d81\" data-element_type=\"widget\" data-e-type=\"widget\" data-widget_type=\"image.default\">\n\t\t\t\t<div class=\"elementor-widget-container\">\n\t\t\t\t\t\t\t\t\t\t\t\t\t\t\t\t<a href=\"https:\/\/www.panelesach.com\/wp-content\/uploads\/2024\/10\/paneles-ach-panel-fachada-LDR.jpg\" data-elementor-open-lightbox=\"yes\" data-elementor-lightbox-title=\"Sisma: Panel Fachada LDR\" data-e-action-hash=\"#elementor-action%3Aaction%3Dlightbox%26settings%3DeyJpZCI6MzQ5LCJ1cmwiOiJodHRwczpcL1wvd3d3LnBhbmVsZXNhY2guY29tXC93cC1jb250ZW50XC91cGxvYWRzXC8yMDI0XC8xMFwvcGFuZWxlcy1hY2gtcGFuZWwtZmFjaGFkYS1MRFIuanBnIn0%3D\">\n\t\t\t\t\t\t\t<img loading=\"lazy\" decoding=\"async\" width=\"720\" height=\"455\" src=\"https:\/\/www.panelesach.com\/wp-content\/uploads\/2024\/10\/paneles-ach-panel-fachada-LDR.jpg\" class=\"attachment-large size-large wp-image-349\" alt=\"Sisma: Panel Fachada LDR\" srcset=\"https:\/\/www.panelesach.com\/wp-content\/uploads\/2024\/10\/paneles-ach-panel-fachada-LDR.jpg 720w, https:\/\/www.panelesach.com\/wp-content\/uploads\/2024\/10\/paneles-ach-panel-fachada-LDR-300x190.jpg 300w\" sizes=\"(max-width: 720px) 100vw, 720px\" \/>\t\t\t\t\t\t\t\t<\/a>\n\t\t\t\t\t\t\t\t\t\t\t\t\t\t\t<\/div>\n\t\t\t\t<\/div>\n\t\t\t\t\t<\/div>\n\t\t\t\t<\/div>\n\t\t\t\t<\/div>\n\t\t\t\t<div data-elementor-type=\"loop-item\" data-elementor-id=\"301\" class=\"elementor elementor-301 e-loop-item e-loop-item-350 post-350 proyecto type-proyecto status-publish has-post-thumbnail hentry proyecto-paneles-lana-de-roca\" data-elementor-post-type=\"elementor_library\" data-custom-edit-handle=\"1\">\n\t\t\t<div class=\"elementor-element elementor-element-a6e60b3 e-flex e-con-boxed e-con e-parent\" data-id=\"a6e60b3\" data-element_type=\"container\" data-e-type=\"container\">\n\t\t\t\t\t<div class=\"e-con-inner\">\n\t\t\t\t<div class=\"elementor-element elementor-element-1be8d81 elementor-widget elementor-widget-image\" data-id=\"1be8d81\" data-element_type=\"widget\" data-e-type=\"widget\" data-widget_type=\"image.default\">\n\t\t\t\t<div class=\"elementor-widget-container\">\n\t\t\t\t\t\t\t\t\t\t\t\t\t\t\t\t<a href=\"https:\/\/www.panelesach.com\/wp-content\/uploads\/2024\/10\/incineradora_panel_sandwich_ach_01.jpg\" data-elementor-open-lightbox=\"yes\" data-elementor-lightbox-title=\"Azkoitia\" data-e-action-hash=\"#elementor-action%3Aaction%3Dlightbox%26settings%3DeyJpZCI6MzUxLCJ1cmwiOiJodHRwczpcL1wvd3d3LnBhbmVsZXNhY2guY29tXC93cC1jb250ZW50XC91cGxvYWRzXC8yMDI0XC8xMFwvaW5jaW5lcmFkb3JhX3BhbmVsX3NhbmR3aWNoX2FjaF8wMS5qcGcifQ%3D%3D\">\n\t\t\t\t\t\t\t<img loading=\"lazy\" decoding=\"async\" width=\"720\" height=\"455\" src=\"https:\/\/www.panelesach.com\/wp-content\/uploads\/2024\/10\/incineradora_panel_sandwich_ach_01.jpg\" class=\"attachment-large size-large wp-image-351\" alt=\"Azkoitia\" srcset=\"https:\/\/www.panelesach.com\/wp-content\/uploads\/2024\/10\/incineradora_panel_sandwich_ach_01.jpg 720w, https:\/\/www.panelesach.com\/wp-content\/uploads\/2024\/10\/incineradora_panel_sandwich_ach_01-300x190.jpg 300w\" sizes=\"(max-width: 720px) 100vw, 720px\" \/>\t\t\t\t\t\t\t\t<\/a>\n\t\t\t\t\t\t\t\t\t\t\t\t\t\t\t<\/div>\n\t\t\t\t<\/div>\n\t\t\t\t\t<\/div>\n\t\t\t\t<\/div>\n\t\t\t\t<\/div>\n\t\t\t\t<div data-elementor-type=\"loop-item\" data-elementor-id=\"301\" class=\"elementor elementor-301 e-loop-item e-loop-item-352 post-352 proyecto type-proyecto status-publish has-post-thumbnail hentry proyecto-paneles-lana-de-roca\" data-elementor-post-type=\"elementor_library\" data-custom-edit-handle=\"1\">\n\t\t\t<div class=\"elementor-element elementor-element-a6e60b3 e-flex e-con-boxed e-con e-parent\" data-id=\"a6e60b3\" data-element_type=\"container\" data-e-type=\"container\">\n\t\t\t\t\t<div class=\"e-con-inner\">\n\t\t\t\t<div class=\"elementor-element elementor-element-1be8d81 elementor-widget elementor-widget-image\" data-id=\"1be8d81\" data-element_type=\"widget\" data-e-type=\"widget\" data-widget_type=\"image.default\">\n\t\t\t\t<div class=\"elementor-widget-container\">\n\t\t\t\t\t\t\t\t\t\t\t\t\t\t\t\t<a href=\"https:\/\/www.panelesach.com\/wp-content\/uploads\/2024\/10\/incineradora_panel_sandwich_ach_02.jpg\" data-elementor-open-lightbox=\"yes\" data-elementor-lightbox-title=\"Azkoitia\" data-e-action-hash=\"#elementor-action%3Aaction%3Dlightbox%26settings%3DeyJpZCI6MzUzLCJ1cmwiOiJodHRwczpcL1wvd3d3LnBhbmVsZXNhY2guY29tXC93cC1jb250ZW50XC91cGxvYWRzXC8yMDI0XC8xMFwvaW5jaW5lcmFkb3JhX3BhbmVsX3NhbmR3aWNoX2FjaF8wMi5qcGcifQ%3D%3D\">\n\t\t\t\t\t\t\t<img loading=\"lazy\" decoding=\"async\" width=\"720\" height=\"455\" src=\"https:\/\/www.panelesach.com\/wp-content\/uploads\/2024\/10\/incineradora_panel_sandwich_ach_02.jpg\" class=\"attachment-large size-large wp-image-353\" alt=\"Azkoitia\" srcset=\"https:\/\/www.panelesach.com\/wp-content\/uploads\/2024\/10\/incineradora_panel_sandwich_ach_02.jpg 720w, https:\/\/www.panelesach.com\/wp-content\/uploads\/2024\/10\/incineradora_panel_sandwich_ach_02-300x190.jpg 300w\" sizes=\"(max-width: 720px) 100vw, 720px\" \/>\t\t\t\t\t\t\t\t<\/a>\n\t\t\t\t\t\t\t\t\t\t\t\t\t\t\t<\/div>\n\t\t\t\t<\/div>\n\t\t\t\t\t<\/div>\n\t\t\t\t<\/div>\n\t\t\t\t<\/div>\n\t\t\t\t<div data-elementor-type=\"loop-item\" data-elementor-id=\"301\" class=\"elementor elementor-301 e-loop-item e-loop-item-354 post-354 proyecto type-proyecto status-publish has-post-thumbnail hentry proyecto-paneles-lana-de-roca\" data-elementor-post-type=\"elementor_library\" data-custom-edit-handle=\"1\">\n\t\t\t<div class=\"elementor-element elementor-element-a6e60b3 e-flex e-con-boxed e-con e-parent\" data-id=\"a6e60b3\" data-element_type=\"container\" data-e-type=\"container\">\n\t\t\t\t\t<div class=\"e-con-inner\">\n\t\t\t\t<div class=\"elementor-element elementor-element-1be8d81 elementor-widget elementor-widget-image\" data-id=\"1be8d81\" data-element_type=\"widget\" data-e-type=\"widget\" data-widget_type=\"image.default\">\n\t\t\t\t<div class=\"elementor-widget-container\">\n\t\t\t\t\t\t\t\t\t\t\t\t\t\t\t\t<a href=\"https:\/\/www.panelesach.com\/wp-content\/uploads\/2024\/10\/incineradora_panel_sandwich_ach_03.jpg\" data-elementor-open-lightbox=\"yes\" data-elementor-lightbox-title=\"Incineradora: Panel S\u00e1ndwich ACH\" data-e-action-hash=\"#elementor-action%3Aaction%3Dlightbox%26settings%3DeyJpZCI6MzU1LCJ1cmwiOiJodHRwczpcL1wvd3d3LnBhbmVsZXNhY2guY29tXC93cC1jb250ZW50XC91cGxvYWRzXC8yMDI0XC8xMFwvaW5jaW5lcmFkb3JhX3BhbmVsX3NhbmR3aWNoX2FjaF8wMy5qcGcifQ%3D%3D\">\n\t\t\t\t\t\t\t<img loading=\"lazy\" decoding=\"async\" width=\"720\" height=\"455\" src=\"https:\/\/www.panelesach.com\/wp-content\/uploads\/2024\/10\/incineradora_panel_sandwich_ach_03.jpg\" class=\"attachment-large size-large wp-image-355\" alt=\"Incineradora: Panel S\u00e1ndwich ACH\" srcset=\"https:\/\/www.panelesach.com\/wp-content\/uploads\/2024\/10\/incineradora_panel_sandwich_ach_03.jpg 720w, https:\/\/www.panelesach.com\/wp-content\/uploads\/2024\/10\/incineradora_panel_sandwich_ach_03-300x190.jpg 300w\" sizes=\"(max-width: 720px) 100vw, 720px\" \/>\t\t\t\t\t\t\t\t<\/a>\n\t\t\t\t\t\t\t\t\t\t\t\t\t\t\t<\/div>\n\t\t\t\t<\/div>\n\t\t\t\t\t<\/div>\n\t\t\t\t<\/div>\n\t\t\t\t<\/div>\n\t\t\t\t<div data-elementor-type=\"loop-item\" data-elementor-id=\"301\" class=\"elementor elementor-301 e-loop-item e-loop-item-356 post-356 proyecto type-proyecto status-publish has-post-thumbnail hentry proyecto-paneles-lana-de-roca\" data-elementor-post-type=\"elementor_library\" data-custom-edit-handle=\"1\">\n\t\t\t<div class=\"elementor-element elementor-element-a6e60b3 e-flex e-con-boxed e-con e-parent\" data-id=\"a6e60b3\" data-element_type=\"container\" data-e-type=\"container\">\n\t\t\t\t\t<div class=\"e-con-inner\">\n\t\t\t\t<div class=\"elementor-element elementor-element-1be8d81 elementor-widget elementor-widget-image\" data-id=\"1be8d81\" data-element_type=\"widget\" data-e-type=\"widget\" data-widget_type=\"image.default\">\n\t\t\t\t<div class=\"elementor-widget-container\">\n\t\t\t\t\t\t\t\t\t\t\t\t\t\t\t\t<a href=\"https:\/\/www.panelesach.com\/wp-content\/uploads\/2024\/10\/incineradora_panel_sandwich_ach_04.jpg\" data-elementor-open-lightbox=\"yes\" data-elementor-lightbox-title=\"Incineradora: Panel S\u00e1ndwich ACH\" data-e-action-hash=\"#elementor-action%3Aaction%3Dlightbox%26settings%3DeyJpZCI6MzU3LCJ1cmwiOiJodHRwczpcL1wvd3d3LnBhbmVsZXNhY2guY29tXC93cC1jb250ZW50XC91cGxvYWRzXC8yMDI0XC8xMFwvaW5jaW5lcmFkb3JhX3BhbmVsX3NhbmR3aWNoX2FjaF8wNC5qcGcifQ%3D%3D\">\n\t\t\t\t\t\t\t<img loading=\"lazy\" decoding=\"async\" width=\"720\" height=\"455\" src=\"https:\/\/www.panelesach.com\/wp-content\/uploads\/2024\/10\/incineradora_panel_sandwich_ach_04.jpg\" class=\"attachment-large size-large wp-image-357\" alt=\"Incineradora: Panel S\u00e1ndwich ACH\" srcset=\"https:\/\/www.panelesach.com\/wp-content\/uploads\/2024\/10\/incineradora_panel_sandwich_ach_04.jpg 720w, https:\/\/www.panelesach.com\/wp-content\/uploads\/2024\/10\/incineradora_panel_sandwich_ach_04-300x190.jpg 300w\" sizes=\"(max-width: 720px) 100vw, 720px\" \/>\t\t\t\t\t\t\t\t<\/a>\n\t\t\t\t\t\t\t\t\t\t\t\t\t\t\t<\/div>\n\t\t\t\t<\/div>\n\t\t\t\t\t<\/div>\n\t\t\t\t<\/div>\n\t\t\t\t<\/div>\n\t\t\t\t<div data-elementor-type=\"loop-item\" data-elementor-id=\"301\" class=\"elementor elementor-301 e-loop-item e-loop-item-358 post-358 proyecto type-proyecto status-publish has-post-thumbnail hentry proyecto-paneles-lana-de-roca\" data-elementor-post-type=\"elementor_library\" data-custom-edit-handle=\"1\">\n\t\t\t<div class=\"elementor-element elementor-element-a6e60b3 e-flex e-con-boxed e-con e-parent\" data-id=\"a6e60b3\" data-element_type=\"container\" data-e-type=\"container\">\n\t\t\t\t\t<div class=\"e-con-inner\">\n\t\t\t\t<div class=\"elementor-element elementor-element-1be8d81 elementor-widget elementor-widget-image\" data-id=\"1be8d81\" data-element_type=\"widget\" data-e-type=\"widget\" data-widget_type=\"image.default\">\n\t\t\t\t<div class=\"elementor-widget-container\">\n\t\t\t\t\t\t\t\t\t\t\t\t\t\t\t\t<a href=\"https:\/\/www.panelesach.com\/wp-content\/uploads\/2024\/10\/COFICAB_20.000_m2_de_panel_lana_de_roca_75_mm_1.jpg\" data-elementor-open-lightbox=\"yes\" data-e-action-hash=\"#elementor-action%3Aaction%3Dlightbox%26settings%3DeyJpZCI6MzU5LCJ1cmwiOiJodHRwczpcL1wvd3d3LnBhbmVsZXNhY2guY29tXC93cC1jb250ZW50XC91cGxvYWRzXC8yMDI0XC8xMFwvQ09GSUNBQl8yMC4wMDBfbTJfZGVfcGFuZWxfbGFuYV9kZV9yb2NhXzc1X21tXzEuanBnIn0%3D\">\n\t\t\t\t\t\t\t<img loading=\"lazy\" decoding=\"async\" width=\"800\" height=\"600\" src=\"https:\/\/www.panelesach.com\/wp-content\/uploads\/2024\/10\/COFICAB_20.000_m2_de_panel_lana_de_roca_75_mm_1-1024x768.jpg\" class=\"attachment-large size-large wp-image-359\" alt=\"\" srcset=\"https:\/\/www.panelesach.com\/wp-content\/uploads\/2024\/10\/COFICAB_20.000_m2_de_panel_lana_de_roca_75_mm_1-1024x768.jpg 1024w, https:\/\/www.panelesach.com\/wp-content\/uploads\/2024\/10\/COFICAB_20.000_m2_de_panel_lana_de_roca_75_mm_1-300x225.jpg 300w, https:\/\/www.panelesach.com\/wp-content\/uploads\/2024\/10\/COFICAB_20.000_m2_de_panel_lana_de_roca_75_mm_1-768x576.jpg 768w, https:\/\/www.panelesach.com\/wp-content\/uploads\/2024\/10\/COFICAB_20.000_m2_de_panel_lana_de_roca_75_mm_1-1536x1152.jpg 1536w, https:\/\/www.panelesach.com\/wp-content\/uploads\/2024\/10\/COFICAB_20.000_m2_de_panel_lana_de_roca_75_mm_1.jpg 1920w\" sizes=\"(max-width: 800px) 100vw, 800px\" \/>\t\t\t\t\t\t\t\t<\/a>\n\t\t\t\t\t\t\t\t\t\t\t\t\t\t\t<\/div>\n\t\t\t\t<\/div>\n\t\t\t\t\t<\/div>\n\t\t\t\t<\/div>\n\t\t\t\t<\/div>\n\t\t\t\t<div data-elementor-type=\"loop-item\" data-elementor-id=\"301\" class=\"elementor elementor-301 e-loop-item e-loop-item-360 post-360 proyecto type-proyecto status-publish has-post-thumbnail hentry proyecto-paneles-lana-de-roca\" data-elementor-post-type=\"elementor_library\" data-custom-edit-handle=\"1\">\n\t\t\t<div class=\"elementor-element elementor-element-a6e60b3 e-flex e-con-boxed e-con e-parent\" data-id=\"a6e60b3\" data-element_type=\"container\" data-e-type=\"container\">\n\t\t\t\t\t<div class=\"e-con-inner\">\n\t\t\t\t<div class=\"elementor-element elementor-element-1be8d81 elementor-widget elementor-widget-image\" data-id=\"1be8d81\" data-element_type=\"widget\" data-e-type=\"widget\" data-widget_type=\"image.default\">\n\t\t\t\t<div class=\"elementor-widget-container\">\n\t\t\t\t\t\t\t\t\t\t\t\t\t\t\t\t<a href=\"https:\/\/www.panelesach.com\/wp-content\/uploads\/2024\/10\/COFICAB_20.000_m2_de_panel_lana_de_roca_75_mm_2.jpg\" data-elementor-open-lightbox=\"yes\" data-elementor-lightbox-title=\"COFICAB 20.000 m2 de panel lana de roca 75 mm\" data-e-action-hash=\"#elementor-action%3Aaction%3Dlightbox%26settings%3DeyJpZCI6MzYxLCJ1cmwiOiJodHRwczpcL1wvd3d3LnBhbmVsZXNhY2guY29tXC93cC1jb250ZW50XC91cGxvYWRzXC8yMDI0XC8xMFwvQ09GSUNBQl8yMC4wMDBfbTJfZGVfcGFuZWxfbGFuYV9kZV9yb2NhXzc1X21tXzIuanBnIn0%3D\">\n\t\t\t\t\t\t\t<img loading=\"lazy\" decoding=\"async\" width=\"800\" height=\"600\" src=\"https:\/\/www.panelesach.com\/wp-content\/uploads\/2024\/10\/COFICAB_20.000_m2_de_panel_lana_de_roca_75_mm_2.jpg\" class=\"attachment-large size-large wp-image-361\" alt=\"COFICAB 20.000 m2 de panel lana de roca 75 mm\" srcset=\"https:\/\/www.panelesach.com\/wp-content\/uploads\/2024\/10\/COFICAB_20.000_m2_de_panel_lana_de_roca_75_mm_2.jpg 1024w, https:\/\/www.panelesach.com\/wp-content\/uploads\/2024\/10\/COFICAB_20.000_m2_de_panel_lana_de_roca_75_mm_2-300x225.jpg 300w, https:\/\/www.panelesach.com\/wp-content\/uploads\/2024\/10\/COFICAB_20.000_m2_de_panel_lana_de_roca_75_mm_2-768x576.jpg 768w\" sizes=\"(max-width: 800px) 100vw, 800px\" \/>\t\t\t\t\t\t\t\t<\/a>\n\t\t\t\t\t\t\t\t\t\t\t\t\t\t\t<\/div>\n\t\t\t\t<\/div>\n\t\t\t\t\t<\/div>\n\t\t\t\t<\/div>\n\t\t\t\t<\/div>\n\t\t\t\t<div data-elementor-type=\"loop-item\" data-elementor-id=\"301\" class=\"elementor elementor-301 e-loop-item e-loop-item-362 post-362 proyecto type-proyecto status-publish has-post-thumbnail hentry proyecto-paneles-lana-de-roca\" data-elementor-post-type=\"elementor_library\" data-custom-edit-handle=\"1\">\n\t\t\t<div class=\"elementor-element elementor-element-a6e60b3 e-flex e-con-boxed e-con e-parent\" data-id=\"a6e60b3\" data-element_type=\"container\" data-e-type=\"container\">\n\t\t\t\t\t<div class=\"e-con-inner\">\n\t\t\t\t<div class=\"elementor-element elementor-element-1be8d81 elementor-widget elementor-widget-image\" data-id=\"1be8d81\" data-element_type=\"widget\" data-e-type=\"widget\" data-widget_type=\"image.default\">\n\t\t\t\t<div class=\"elementor-widget-container\">\n\t\t\t\t\t\t\t\t\t\t\t\t\t\t\t\t<a href=\"https:\/\/www.panelesach.com\/wp-content\/uploads\/2024\/10\/COFICAB_20.000_m2_de_panel_lana_de_roca_75_mm_4.jpg\" data-elementor-open-lightbox=\"yes\" data-elementor-lightbox-title=\"COFICAB 20.000 m2 de panel lana de roca 75 mm\" data-e-action-hash=\"#elementor-action%3Aaction%3Dlightbox%26settings%3DeyJpZCI6MzYzLCJ1cmwiOiJodHRwczpcL1wvd3d3LnBhbmVsZXNhY2guY29tXC93cC1jb250ZW50XC91cGxvYWRzXC8yMDI0XC8xMFwvQ09GSUNBQl8yMC4wMDBfbTJfZGVfcGFuZWxfbGFuYV9kZV9yb2NhXzc1X21tXzQuanBnIn0%3D\">\n\t\t\t\t\t\t\t<img loading=\"lazy\" decoding=\"async\" width=\"800\" height=\"600\" src=\"https:\/\/www.panelesach.com\/wp-content\/uploads\/2024\/10\/COFICAB_20.000_m2_de_panel_lana_de_roca_75_mm_4.jpg\" class=\"attachment-large size-large wp-image-363\" alt=\"COFICAB 20.000 m2 de panel lana de roca 75 mm\" srcset=\"https:\/\/www.panelesach.com\/wp-content\/uploads\/2024\/10\/COFICAB_20.000_m2_de_panel_lana_de_roca_75_mm_4.jpg 1024w, https:\/\/www.panelesach.com\/wp-content\/uploads\/2024\/10\/COFICAB_20.000_m2_de_panel_lana_de_roca_75_mm_4-300x225.jpg 300w, https:\/\/www.panelesach.com\/wp-content\/uploads\/2024\/10\/COFICAB_20.000_m2_de_panel_lana_de_roca_75_mm_4-768x576.jpg 768w\" sizes=\"(max-width: 800px) 100vw, 800px\" \/>\t\t\t\t\t\t\t\t<\/a>\n\t\t\t\t\t\t\t\t\t\t\t\t\t\t\t<\/div>\n\t\t\t\t<\/div>\n\t\t\t\t\t<\/div>\n\t\t\t\t<\/div>\n\t\t\t\t<\/div>\n\t\t\t\t<div data-elementor-type=\"loop-item\" data-elementor-id=\"301\" class=\"elementor elementor-301 e-loop-item e-loop-item-364 post-364 proyecto type-proyecto status-publish has-post-thumbnail hentry proyecto-paneles-lana-de-roca\" data-elementor-post-type=\"elementor_library\" data-custom-edit-handle=\"1\">\n\t\t\t<div class=\"elementor-element elementor-element-a6e60b3 e-flex e-con-boxed e-con e-parent\" data-id=\"a6e60b3\" data-element_type=\"container\" data-e-type=\"container\">\n\t\t\t\t\t<div class=\"e-con-inner\">\n\t\t\t\t<div class=\"elementor-element elementor-element-1be8d81 elementor-widget elementor-widget-image\" data-id=\"1be8d81\" data-element_type=\"widget\" data-e-type=\"widget\" data-widget_type=\"image.default\">\n\t\t\t\t<div class=\"elementor-widget-container\">\n\t\t\t\t\t\t\t\t\t\t\t\t\t\t\t\t<a href=\"https:\/\/www.panelesach.com\/wp-content\/uploads\/2024\/10\/ACH_WEB_actuacionesyobras_INDASA_01.jpg\" data-elementor-open-lightbox=\"yes\" data-elementor-lightbox-title=\"INDASA 7000 m2 de panel fachada lana de roca 100 mm\" data-e-action-hash=\"#elementor-action%3Aaction%3Dlightbox%26settings%3DeyJpZCI6MzY1LCJ1cmwiOiJodHRwczpcL1wvd3d3LnBhbmVsZXNhY2guY29tXC93cC1jb250ZW50XC91cGxvYWRzXC8yMDI0XC8xMFwvQUNIX1dFQl9hY3R1YWNpb25lc3lvYnJhc19JTkRBU0FfMDEuanBnIn0%3D\">\n\t\t\t\t\t\t\t<img loading=\"lazy\" decoding=\"async\" width=\"720\" height=\"455\" src=\"https:\/\/www.panelesach.com\/wp-content\/uploads\/2024\/10\/ACH_WEB_actuacionesyobras_INDASA_01.jpg\" class=\"attachment-large size-large wp-image-365\" alt=\"INDASA 7000 m2 de panel fachada lana de roca 100 mm\" srcset=\"https:\/\/www.panelesach.com\/wp-content\/uploads\/2024\/10\/ACH_WEB_actuacionesyobras_INDASA_01.jpg 720w, https:\/\/www.panelesach.com\/wp-content\/uploads\/2024\/10\/ACH_WEB_actuacionesyobras_INDASA_01-300x190.jpg 300w\" sizes=\"(max-width: 720px) 100vw, 720px\" \/>\t\t\t\t\t\t\t\t<\/a>\n\t\t\t\t\t\t\t\t\t\t\t\t\t\t\t<\/div>\n\t\t\t\t<\/div>\n\t\t\t\t\t<\/div>\n\t\t\t\t<\/div>\n\t\t\t\t<\/div>\n\t\t\t\t<div data-elementor-type=\"loop-item\" data-elementor-id=\"301\" class=\"elementor elementor-301 e-loop-item e-loop-item-366 post-366 proyecto type-proyecto status-publish has-post-thumbnail hentry proyecto-paneles-lana-de-roca\" data-elementor-post-type=\"elementor_library\" data-custom-edit-handle=\"1\">\n\t\t\t<div class=\"elementor-element elementor-element-a6e60b3 e-flex e-con-boxed e-con e-parent\" data-id=\"a6e60b3\" data-element_type=\"container\" data-e-type=\"container\">\n\t\t\t\t\t<div class=\"e-con-inner\">\n\t\t\t\t<div class=\"elementor-element elementor-element-1be8d81 elementor-widget elementor-widget-image\" data-id=\"1be8d81\" data-element_type=\"widget\" data-e-type=\"widget\" data-widget_type=\"image.default\">\n\t\t\t\t<div class=\"elementor-widget-container\">\n\t\t\t\t\t\t\t\t\t\t\t\t\t\t\t\t<a href=\"https:\/\/www.panelesach.com\/wp-content\/uploads\/2024\/10\/ACH_WEB_actuacionesyobras_INDASA_02.jpg\" data-elementor-open-lightbox=\"yes\" data-e-action-hash=\"#elementor-action%3Aaction%3Dlightbox%26settings%3DeyJpZCI6MzY3LCJ1cmwiOiJodHRwczpcL1wvd3d3LnBhbmVsZXNhY2guY29tXC93cC1jb250ZW50XC91cGxvYWRzXC8yMDI0XC8xMFwvQUNIX1dFQl9hY3R1YWNpb25lc3lvYnJhc19JTkRBU0FfMDIuanBnIn0%3D\">\n\t\t\t\t\t\t\t<img loading=\"lazy\" decoding=\"async\" width=\"720\" height=\"455\" src=\"https:\/\/www.panelesach.com\/wp-content\/uploads\/2024\/10\/ACH_WEB_actuacionesyobras_INDASA_02.jpg\" class=\"attachment-large size-large wp-image-367\" alt=\"\" srcset=\"https:\/\/www.panelesach.com\/wp-content\/uploads\/2024\/10\/ACH_WEB_actuacionesyobras_INDASA_02.jpg 720w, https:\/\/www.panelesach.com\/wp-content\/uploads\/2024\/10\/ACH_WEB_actuacionesyobras_INDASA_02-300x190.jpg 300w\" sizes=\"(max-width: 720px) 100vw, 720px\" \/>\t\t\t\t\t\t\t\t<\/a>\n\t\t\t\t\t\t\t\t\t\t\t\t\t\t\t<\/div>\n\t\t\t\t<\/div>\n\t\t\t\t\t<\/div>\n\t\t\t\t<\/div>\n\t\t\t\t<\/div>\n\t\t\t\t<div data-elementor-type=\"loop-item\" data-elementor-id=\"301\" class=\"elementor elementor-301 e-loop-item e-loop-item-368 post-368 proyecto type-proyecto status-publish has-post-thumbnail hentry proyecto-paneles-lana-de-roca\" data-elementor-post-type=\"elementor_library\" data-custom-edit-handle=\"1\">\n\t\t\t<div class=\"elementor-element elementor-element-a6e60b3 e-flex e-con-boxed e-con e-parent\" data-id=\"a6e60b3\" data-element_type=\"container\" data-e-type=\"container\">\n\t\t\t\t\t<div class=\"e-con-inner\">\n\t\t\t\t<div class=\"elementor-element elementor-element-1be8d81 elementor-widget elementor-widget-image\" data-id=\"1be8d81\" data-element_type=\"widget\" data-e-type=\"widget\" data-widget_type=\"image.default\">\n\t\t\t\t<div class=\"elementor-widget-container\">\n\t\t\t\t\t\t\t\t\t\t\t\t\t\t\t\t<a href=\"https:\/\/www.panelesach.com\/wp-content\/uploads\/2024\/10\/ACH_WEB_actuacionesyobras_1.jpg\" data-elementor-open-lightbox=\"yes\" data-elementor-lightbox-title=\"Actuaciones obras\" data-e-action-hash=\"#elementor-action%3Aaction%3Dlightbox%26settings%3DeyJpZCI6MzY5LCJ1cmwiOiJodHRwczpcL1wvd3d3LnBhbmVsZXNhY2guY29tXC93cC1jb250ZW50XC91cGxvYWRzXC8yMDI0XC8xMFwvQUNIX1dFQl9hY3R1YWNpb25lc3lvYnJhc18xLmpwZyJ9\">\n\t\t\t\t\t\t\t<img loading=\"lazy\" decoding=\"async\" width=\"720\" height=\"455\" src=\"https:\/\/www.panelesach.com\/wp-content\/uploads\/2024\/10\/ACH_WEB_actuacionesyobras_1.jpg\" class=\"attachment-large size-large wp-image-369\" alt=\"Actuaciones obras\" srcset=\"https:\/\/www.panelesach.com\/wp-content\/uploads\/2024\/10\/ACH_WEB_actuacionesyobras_1.jpg 720w, https:\/\/www.panelesach.com\/wp-content\/uploads\/2024\/10\/ACH_WEB_actuacionesyobras_1-300x190.jpg 300w\" sizes=\"(max-width: 720px) 100vw, 720px\" \/>\t\t\t\t\t\t\t\t<\/a>\n\t\t\t\t\t\t\t\t\t\t\t\t\t\t\t<\/div>\n\t\t\t\t<\/div>\n\t\t\t\t\t<\/div>\n\t\t\t\t<\/div>\n\t\t\t\t<\/div>\n\t\t\t\t<div data-elementor-type=\"loop-item\" data-elementor-id=\"301\" class=\"elementor elementor-301 e-loop-item e-loop-item-370 post-370 proyecto type-proyecto status-publish has-post-thumbnail hentry proyecto-paneles-lana-de-roca\" data-elementor-post-type=\"elementor_library\" data-custom-edit-handle=\"1\">\n\t\t\t<div class=\"elementor-element elementor-element-a6e60b3 e-flex e-con-boxed e-con e-parent\" data-id=\"a6e60b3\" data-element_type=\"container\" data-e-type=\"container\">\n\t\t\t\t\t<div class=\"e-con-inner\">\n\t\t\t\t<div class=\"elementor-element elementor-element-1be8d81 elementor-widget elementor-widget-image\" data-id=\"1be8d81\" data-element_type=\"widget\" data-e-type=\"widget\" data-widget_type=\"image.default\">\n\t\t\t\t<div class=\"elementor-widget-container\">\n\t\t\t\t\t\t\t\t\t\t\t\t\t\t\t\t<a href=\"https:\/\/www.panelesach.com\/wp-content\/uploads\/2024\/10\/ACH_WEB_actuacionesyobras_2.jpg\" data-elementor-open-lightbox=\"yes\" data-elementor-lightbox-title=\"Actuaciones obras\" data-e-action-hash=\"#elementor-action%3Aaction%3Dlightbox%26settings%3DeyJpZCI6MzcxLCJ1cmwiOiJodHRwczpcL1wvd3d3LnBhbmVsZXNhY2guY29tXC93cC1jb250ZW50XC91cGxvYWRzXC8yMDI0XC8xMFwvQUNIX1dFQl9hY3R1YWNpb25lc3lvYnJhc18yLmpwZyJ9\">\n\t\t\t\t\t\t\t<img loading=\"lazy\" decoding=\"async\" width=\"720\" height=\"455\" src=\"https:\/\/www.panelesach.com\/wp-content\/uploads\/2024\/10\/ACH_WEB_actuacionesyobras_2.jpg\" class=\"attachment-large size-large wp-image-371\" alt=\"Actuaciones obras\" srcset=\"https:\/\/www.panelesach.com\/wp-content\/uploads\/2024\/10\/ACH_WEB_actuacionesyobras_2.jpg 720w, https:\/\/www.panelesach.com\/wp-content\/uploads\/2024\/10\/ACH_WEB_actuacionesyobras_2-300x190.jpg 300w\" sizes=\"(max-width: 720px) 100vw, 720px\" \/>\t\t\t\t\t\t\t\t<\/a>\n\t\t\t\t\t\t\t\t\t\t\t\t\t\t\t<\/div>\n\t\t\t\t<\/div>\n\t\t\t\t\t<\/div>\n\t\t\t\t<\/div>\n\t\t\t\t<\/div>\n\t\t\t\t<div data-elementor-type=\"loop-item\" data-elementor-id=\"301\" class=\"elementor elementor-301 e-loop-item e-loop-item-372 post-372 proyecto type-proyecto status-publish has-post-thumbnail hentry proyecto-paneles-lana-de-roca\" data-elementor-post-type=\"elementor_library\" data-custom-edit-handle=\"1\">\n\t\t\t<div class=\"elementor-element elementor-element-a6e60b3 e-flex e-con-boxed e-con e-parent\" data-id=\"a6e60b3\" data-element_type=\"container\" data-e-type=\"container\">\n\t\t\t\t\t<div class=\"e-con-inner\">\n\t\t\t\t<div class=\"elementor-element elementor-element-1be8d81 elementor-widget elementor-widget-image\" data-id=\"1be8d81\" data-element_type=\"widget\" data-e-type=\"widget\" data-widget_type=\"image.default\">\n\t\t\t\t<div class=\"elementor-widget-container\">\n\t\t\t\t\t\t\t\t\t\t\t\t\t\t\t\t<a href=\"https:\/\/www.panelesach.com\/wp-content\/uploads\/2024\/10\/paneles-ach-panel-sandwich-lana-de-roca-machihembrado-sectorizacion-Epicentre.jpg\" data-elementor-open-lightbox=\"yes\" data-elementor-lightbox-title=\"Centro comercial de Valencia L&#039;Epicentre\" data-e-action-hash=\"#elementor-action%3Aaction%3Dlightbox%26settings%3DeyJpZCI6MzczLCJ1cmwiOiJodHRwczpcL1wvd3d3LnBhbmVsZXNhY2guY29tXC93cC1jb250ZW50XC91cGxvYWRzXC8yMDI0XC8xMFwvcGFuZWxlcy1hY2gtcGFuZWwtc2FuZHdpY2gtbGFuYS1kZS1yb2NhLW1hY2hpaGVtYnJhZG8tc2VjdG9yaXphY2lvbi1FcGljZW50cmUuanBnIn0%3D\">\n\t\t\t\t\t\t\t<img loading=\"lazy\" decoding=\"async\" width=\"720\" height=\"455\" src=\"https:\/\/www.panelesach.com\/wp-content\/uploads\/2024\/10\/paneles-ach-panel-sandwich-lana-de-roca-machihembrado-sectorizacion-Epicentre.jpg\" class=\"attachment-large size-large wp-image-373\" alt=\"Centro comercial de Valencia L&#039;Epicentre\" srcset=\"https:\/\/www.panelesach.com\/wp-content\/uploads\/2024\/10\/paneles-ach-panel-sandwich-lana-de-roca-machihembrado-sectorizacion-Epicentre.jpg 720w, https:\/\/www.panelesach.com\/wp-content\/uploads\/2024\/10\/paneles-ach-panel-sandwich-lana-de-roca-machihembrado-sectorizacion-Epicentre-300x190.jpg 300w\" sizes=\"(max-width: 720px) 100vw, 720px\" \/>\t\t\t\t\t\t\t\t<\/a>\n\t\t\t\t\t\t\t\t\t\t\t\t\t\t\t<\/div>\n\t\t\t\t<\/div>\n\t\t\t\t\t<\/div>\n\t\t\t\t<\/div>\n\t\t\t\t<\/div>\n\t\t\t\t<div data-elementor-type=\"loop-item\" data-elementor-id=\"301\" class=\"elementor elementor-301 e-loop-item e-loop-item-384 post-384 proyecto type-proyecto status-publish has-post-thumbnail hentry proyecto-iluminacion-natural\" data-elementor-post-type=\"elementor_library\" data-custom-edit-handle=\"1\">\n\t\t\t<div class=\"elementor-element elementor-element-a6e60b3 e-flex e-con-boxed e-con e-parent\" data-id=\"a6e60b3\" data-element_type=\"container\" data-e-type=\"container\">\n\t\t\t\t\t<div class=\"e-con-inner\">\n\t\t\t\t<div class=\"elementor-element elementor-element-1be8d81 elementor-widget elementor-widget-image\" data-id=\"1be8d81\" data-element_type=\"widget\" data-e-type=\"widget\" data-widget_type=\"image.default\">\n\t\t\t\t<div class=\"elementor-widget-container\">\n\t\t\t\t\t\t\t\t\t\t\t\t\t\t\t\t<a href=\"https:\/\/www.panelesach.com\/wp-content\/uploads\/2024\/10\/paneles-ach-iluminacion-natural-ach-40-333.png\" data-elementor-open-lightbox=\"yes\" data-elementor-lightbox-title=\"ACH 40\/333\" data-e-action-hash=\"#elementor-action%3Aaction%3Dlightbox%26settings%3DeyJpZCI6Mzg1LCJ1cmwiOiJodHRwczpcL1wvd3d3LnBhbmVsZXNhY2guY29tXC93cC1jb250ZW50XC91cGxvYWRzXC8yMDI0XC8xMFwvcGFuZWxlcy1hY2gtaWx1bWluYWNpb24tbmF0dXJhbC1hY2gtNDAtMzMzLnBuZyJ9\">\n\t\t\t\t\t\t\t<img loading=\"lazy\" decoding=\"async\" width=\"800\" height=\"506\" src=\"https:\/\/www.panelesach.com\/wp-content\/uploads\/2024\/10\/paneles-ach-iluminacion-natural-ach-40-333.png\" class=\"attachment-large size-large wp-image-385\" alt=\"ACH 40\/333\" srcset=\"https:\/\/www.panelesach.com\/wp-content\/uploads\/2024\/10\/paneles-ach-iluminacion-natural-ach-40-333.png 973w, https:\/\/www.panelesach.com\/wp-content\/uploads\/2024\/10\/paneles-ach-iluminacion-natural-ach-40-333-300x190.png 300w, https:\/\/www.panelesach.com\/wp-content\/uploads\/2024\/10\/paneles-ach-iluminacion-natural-ach-40-333-768x485.png 768w\" sizes=\"(max-width: 800px) 100vw, 800px\" \/>\t\t\t\t\t\t\t\t<\/a>\n\t\t\t\t\t\t\t\t\t\t\t\t\t\t\t<\/div>\n\t\t\t\t<\/div>\n\t\t\t\t\t<\/div>\n\t\t\t\t<\/div>\n\t\t\t\t<\/div>\n\t\t\t\t<div data-elementor-type=\"loop-item\" data-elementor-id=\"301\" class=\"elementor elementor-301 e-loop-item e-loop-item-386 post-386 proyecto type-proyecto status-publish has-post-thumbnail hentry proyecto-iluminacion-natural\" data-elementor-post-type=\"elementor_library\" data-custom-edit-handle=\"1\">\n\t\t\t<div class=\"elementor-element elementor-element-a6e60b3 e-flex e-con-boxed e-con e-parent\" data-id=\"a6e60b3\" data-element_type=\"container\" data-e-type=\"container\">\n\t\t\t\t\t<div class=\"e-con-inner\">\n\t\t\t\t<div class=\"elementor-element elementor-element-1be8d81 elementor-widget elementor-widget-image\" data-id=\"1be8d81\" data-element_type=\"widget\" data-e-type=\"widget\" data-widget_type=\"image.default\">\n\t\t\t\t<div class=\"elementor-widget-container\">\n\t\t\t\t\t\t\t\t\t\t\t\t\t\t\t\t<a href=\"https:\/\/www.panelesach.com\/wp-content\/uploads\/2024\/10\/paneles-ach-iluminacion-natural-ach-80-1000.png\" data-elementor-open-lightbox=\"yes\" data-elementor-lightbox-title=\"ACH 80\/1000\" data-e-action-hash=\"#elementor-action%3Aaction%3Dlightbox%26settings%3DeyJpZCI6Mzg3LCJ1cmwiOiJodHRwczpcL1wvd3d3LnBhbmVsZXNhY2guY29tXC93cC1jb250ZW50XC91cGxvYWRzXC8yMDI0XC8xMFwvcGFuZWxlcy1hY2gtaWx1bWluYWNpb24tbmF0dXJhbC1hY2gtODAtMTAwMC5wbmcifQ%3D%3D\">\n\t\t\t\t\t\t\t<img loading=\"lazy\" decoding=\"async\" width=\"800\" height=\"506\" src=\"https:\/\/www.panelesach.com\/wp-content\/uploads\/2024\/10\/paneles-ach-iluminacion-natural-ach-80-1000.png\" class=\"attachment-large size-large wp-image-387\" alt=\"ACH 80\/1000\" srcset=\"https:\/\/www.panelesach.com\/wp-content\/uploads\/2024\/10\/paneles-ach-iluminacion-natural-ach-80-1000.png 973w, https:\/\/www.panelesach.com\/wp-content\/uploads\/2024\/10\/paneles-ach-iluminacion-natural-ach-80-1000-300x190.png 300w, https:\/\/www.panelesach.com\/wp-content\/uploads\/2024\/10\/paneles-ach-iluminacion-natural-ach-80-1000-768x485.png 768w\" sizes=\"(max-width: 800px) 100vw, 800px\" \/>\t\t\t\t\t\t\t\t<\/a>\n\t\t\t\t\t\t\t\t\t\t\t\t\t\t\t<\/div>\n\t\t\t\t<\/div>\n\t\t\t\t\t<\/div>\n\t\t\t\t<\/div>\n\t\t\t\t<\/div>\n\t\t\t\t<div data-elementor-type=\"loop-item\" data-elementor-id=\"301\" class=\"elementor elementor-301 e-loop-item e-loop-item-392 post-392 proyecto type-proyecto status-publish has-post-thumbnail hentry proyecto-iluminacion-natural\" data-elementor-post-type=\"elementor_library\" data-custom-edit-handle=\"1\">\n\t\t\t<div class=\"elementor-element elementor-element-a6e60b3 e-flex e-con-boxed e-con e-parent\" data-id=\"a6e60b3\" data-element_type=\"container\" data-e-type=\"container\">\n\t\t\t\t\t<div class=\"e-con-inner\">\n\t\t\t\t<div class=\"elementor-element elementor-element-1be8d81 elementor-widget elementor-widget-image\" data-id=\"1be8d81\" data-element_type=\"widget\" data-e-type=\"widget\" data-widget_type=\"image.default\">\n\t\t\t\t<div class=\"elementor-widget-container\">\n\t\t\t\t\t\t\t\t\t\t\t\t\t\t\t\t<a href=\"https:\/\/www.panelesach.com\/wp-content\/uploads\/2024\/10\/ACH-Policarbonato-Compacto-v2.png\" data-elementor-open-lightbox=\"yes\" data-elementor-lightbox-title=\"ACH Policarbonato Compacto\" data-e-action-hash=\"#elementor-action%3Aaction%3Dlightbox%26settings%3DeyJpZCI6MzkzLCJ1cmwiOiJodHRwczpcL1wvd3d3LnBhbmVsZXNhY2guY29tXC93cC1jb250ZW50XC91cGxvYWRzXC8yMDI0XC8xMFwvQUNILVBvbGljYXJib25hdG8tQ29tcGFjdG8tdjIucG5nIn0%3D\">\n\t\t\t\t\t\t\t<img loading=\"lazy\" decoding=\"async\" width=\"800\" height=\"506\" src=\"https:\/\/www.panelesach.com\/wp-content\/uploads\/2024\/10\/ACH-Policarbonato-Compacto-v2.png\" class=\"attachment-large size-large wp-image-393\" alt=\"ACH Policarbonato Compacto\" srcset=\"https:\/\/www.panelesach.com\/wp-content\/uploads\/2024\/10\/ACH-Policarbonato-Compacto-v2.png 973w, https:\/\/www.panelesach.com\/wp-content\/uploads\/2024\/10\/ACH-Policarbonato-Compacto-v2-300x190.png 300w, https:\/\/www.panelesach.com\/wp-content\/uploads\/2024\/10\/ACH-Policarbonato-Compacto-v2-768x485.png 768w\" sizes=\"(max-width: 800px) 100vw, 800px\" \/>\t\t\t\t\t\t\t\t<\/a>\n\t\t\t\t\t\t\t\t\t\t\t\t\t\t\t<\/div>\n\t\t\t\t<\/div>\n\t\t\t\t\t<\/div>\n\t\t\t\t<\/div>\n\t\t\t\t<\/div>\n\t\t\t\t<div data-elementor-type=\"loop-item\" data-elementor-id=\"301\" class=\"elementor elementor-301 e-loop-item e-loop-item-396 post-396 proyecto type-proyecto status-publish has-post-thumbnail hentry proyecto-iluminacion-natural\" data-elementor-post-type=\"elementor_library\" data-custom-edit-handle=\"1\">\n\t\t\t<div class=\"elementor-element elementor-element-a6e60b3 e-flex e-con-boxed e-con e-parent\" data-id=\"a6e60b3\" data-element_type=\"container\" data-e-type=\"container\">\n\t\t\t\t\t<div class=\"e-con-inner\">\n\t\t\t\t<div class=\"elementor-element elementor-element-1be8d81 elementor-widget elementor-widget-image\" data-id=\"1be8d81\" data-element_type=\"widget\" data-e-type=\"widget\" data-widget_type=\"image.default\">\n\t\t\t\t<div class=\"elementor-widget-container\">\n\t\t\t\t\t\t\t\t\t\t\t\t\t\t\t\t<a href=\"https:\/\/www.panelesach.com\/wp-content\/uploads\/2024\/10\/paneles-ach-iluminacion-natural-ach-poliester-reforzado-malla-plus.png\" data-elementor-open-lightbox=\"yes\" data-elementor-lightbox-title=\"ACH Poli\u00e9ster Reforzado Malla Plus\" data-e-action-hash=\"#elementor-action%3Aaction%3Dlightbox%26settings%3DeyJpZCI6Mzk3LCJ1cmwiOiJodHRwczpcL1wvd3d3LnBhbmVsZXNhY2guY29tXC93cC1jb250ZW50XC91cGxvYWRzXC8yMDI0XC8xMFwvcGFuZWxlcy1hY2gtaWx1bWluYWNpb24tbmF0dXJhbC1hY2gtcG9saWVzdGVyLXJlZm9yemFkby1tYWxsYS1wbHVzLnBuZyJ9\">\n\t\t\t\t\t\t\t<img loading=\"lazy\" decoding=\"async\" width=\"800\" height=\"506\" src=\"https:\/\/www.panelesach.com\/wp-content\/uploads\/2024\/10\/paneles-ach-iluminacion-natural-ach-poliester-reforzado-malla-plus.png\" class=\"attachment-large size-large wp-image-397\" alt=\"ACH Poli\u00e9ster Reforzado Malla Plus\" srcset=\"https:\/\/www.panelesach.com\/wp-content\/uploads\/2024\/10\/paneles-ach-iluminacion-natural-ach-poliester-reforzado-malla-plus.png 973w, https:\/\/www.panelesach.com\/wp-content\/uploads\/2024\/10\/paneles-ach-iluminacion-natural-ach-poliester-reforzado-malla-plus-300x190.png 300w, https:\/\/www.panelesach.com\/wp-content\/uploads\/2024\/10\/paneles-ach-iluminacion-natural-ach-poliester-reforzado-malla-plus-768x486.png 768w\" sizes=\"(max-width: 800px) 100vw, 800px\" \/>\t\t\t\t\t\t\t\t<\/a>\n\t\t\t\t\t\t\t\t\t\t\t\t\t\t\t<\/div>\n\t\t\t\t<\/div>\n\t\t\t\t\t<\/div>\n\t\t\t\t<\/div>\n\t\t\t\t<\/div>\n\t\t\t\t<div data-elementor-type=\"loop-item\" data-elementor-id=\"301\" class=\"elementor elementor-301 e-loop-item e-loop-item-398 post-398 proyecto type-proyecto status-publish has-post-thumbnail hentry proyecto-iluminacion-natural\" data-elementor-post-type=\"elementor_library\" data-custom-edit-handle=\"1\">\n\t\t\t<div class=\"elementor-element elementor-element-a6e60b3 e-flex e-con-boxed e-con e-parent\" data-id=\"a6e60b3\" data-element_type=\"container\" data-e-type=\"container\">\n\t\t\t\t\t<div class=\"e-con-inner\">\n\t\t\t\t<div class=\"elementor-element elementor-element-1be8d81 elementor-widget elementor-widget-image\" data-id=\"1be8d81\" data-element_type=\"widget\" data-e-type=\"widget\" data-widget_type=\"image.default\">\n\t\t\t\t<div class=\"elementor-widget-container\">\n\t\t\t\t\t\t\t\t\t\t\t\t\t\t\t\t<a href=\"https:\/\/www.panelesach.com\/wp-content\/uploads\/2024\/10\/paneles-ach-panel-sandwich-iluminacion-natural_poliester_gofrado.jpg\" data-elementor-open-lightbox=\"yes\" data-elementor-lightbox-title=\"ACH Poli\u00e9ster Gofrado Alta Durabilidad\" data-e-action-hash=\"#elementor-action%3Aaction%3Dlightbox%26settings%3DeyJpZCI6Mzk5LCJ1cmwiOiJodHRwczpcL1wvd3d3LnBhbmVsZXNhY2guY29tXC93cC1jb250ZW50XC91cGxvYWRzXC8yMDI0XC8xMFwvcGFuZWxlcy1hY2gtcGFuZWwtc2FuZHdpY2gtaWx1bWluYWNpb24tbmF0dXJhbF9wb2xpZXN0ZXJfZ29mcmFkby5qcGcifQ%3D%3D\">\n\t\t\t\t\t\t\t<img loading=\"lazy\" decoding=\"async\" width=\"720\" height=\"455\" src=\"https:\/\/www.panelesach.com\/wp-content\/uploads\/2024\/10\/paneles-ach-panel-sandwich-iluminacion-natural_poliester_gofrado.jpg\" class=\"attachment-large size-large wp-image-399\" alt=\"ACH Poli\u00e9ster Gofrado Alta Durabilidad\" srcset=\"https:\/\/www.panelesach.com\/wp-content\/uploads\/2024\/10\/paneles-ach-panel-sandwich-iluminacion-natural_poliester_gofrado.jpg 720w, https:\/\/www.panelesach.com\/wp-content\/uploads\/2024\/10\/paneles-ach-panel-sandwich-iluminacion-natural_poliester_gofrado-300x190.jpg 300w\" sizes=\"(max-width: 720px) 100vw, 720px\" \/>\t\t\t\t\t\t\t\t<\/a>\n\t\t\t\t\t\t\t\t\t\t\t\t\t\t\t<\/div>\n\t\t\t\t<\/div>\n\t\t\t\t\t<\/div>\n\t\t\t\t<\/div>\n\t\t\t\t<\/div>\n\t\t\t\t<div data-elementor-type=\"loop-item\" data-elementor-id=\"301\" class=\"elementor elementor-301 e-loop-item e-loop-item-400 post-400 proyecto type-proyecto status-publish has-post-thumbnail hentry proyecto-paneles-basic-pur-pir\" data-elementor-post-type=\"elementor_library\" data-custom-edit-handle=\"1\">\n\t\t\t<div class=\"elementor-element elementor-element-a6e60b3 e-flex e-con-boxed e-con e-parent\" data-id=\"a6e60b3\" data-element_type=\"container\" data-e-type=\"container\">\n\t\t\t\t\t<div class=\"e-con-inner\">\n\t\t\t\t<div class=\"elementor-element elementor-element-1be8d81 elementor-widget elementor-widget-image\" data-id=\"1be8d81\" data-element_type=\"widget\" data-e-type=\"widget\" data-widget_type=\"image.default\">\n\t\t\t\t<div class=\"elementor-widget-container\">\n\t\t\t\t\t\t\t\t\t\t\t\t\t\t\t\t<a href=\"https:\/\/www.panelesach.com\/wp-content\/uploads\/2024\/10\/paneles-ach-panel-sandwich-basic-pur-pir-cubierta-TAP.jpg\" data-elementor-open-lightbox=\"yes\" data-elementor-lightbox-title=\"Panel Basic Cubierta TAP\" data-e-action-hash=\"#elementor-action%3Aaction%3Dlightbox%26settings%3DeyJpZCI6NDAxLCJ1cmwiOiJodHRwczpcL1wvd3d3LnBhbmVsZXNhY2guY29tXC93cC1jb250ZW50XC91cGxvYWRzXC8yMDI0XC8xMFwvcGFuZWxlcy1hY2gtcGFuZWwtc2FuZHdpY2gtYmFzaWMtcHVyLXBpci1jdWJpZXJ0YS1UQVAuanBnIn0%3D\">\n\t\t\t\t\t\t\t<img loading=\"lazy\" decoding=\"async\" width=\"720\" height=\"455\" src=\"https:\/\/www.panelesach.com\/wp-content\/uploads\/2024\/10\/paneles-ach-panel-sandwich-basic-pur-pir-cubierta-TAP.jpg\" class=\"attachment-large size-large wp-image-401\" alt=\"Panel Basic Cubierta TAP\" srcset=\"https:\/\/www.panelesach.com\/wp-content\/uploads\/2024\/10\/paneles-ach-panel-sandwich-basic-pur-pir-cubierta-TAP.jpg 720w, https:\/\/www.panelesach.com\/wp-content\/uploads\/2024\/10\/paneles-ach-panel-sandwich-basic-pur-pir-cubierta-TAP-300x190.jpg 300w\" sizes=\"(max-width: 720px) 100vw, 720px\" \/>\t\t\t\t\t\t\t\t<\/a>\n\t\t\t\t\t\t\t\t\t\t\t\t\t\t\t<\/div>\n\t\t\t\t<\/div>\n\t\t\t\t\t<\/div>\n\t\t\t\t<\/div>\n\t\t\t\t<\/div>\n\t\t\t\t<div data-elementor-type=\"loop-item\" data-elementor-id=\"301\" class=\"elementor elementor-301 e-loop-item e-loop-item-402 post-402 proyecto type-proyecto status-publish has-post-thumbnail hentry proyecto-paneles-basic-pur-pir\" data-elementor-post-type=\"elementor_library\" data-custom-edit-handle=\"1\">\n\t\t\t<div class=\"elementor-element elementor-element-a6e60b3 e-flex e-con-boxed e-con e-parent\" data-id=\"a6e60b3\" data-element_type=\"container\" data-e-type=\"container\">\n\t\t\t\t\t<div class=\"e-con-inner\">\n\t\t\t\t<div class=\"elementor-element elementor-element-1be8d81 elementor-widget elementor-widget-image\" data-id=\"1be8d81\" data-element_type=\"widget\" data-e-type=\"widget\" data-widget_type=\"image.default\">\n\t\t\t\t<div class=\"elementor-widget-container\">\n\t\t\t\t\t\t\t\t\t\t\t\t\t\t\t\t<a href=\"https:\/\/www.panelesach.com\/wp-content\/uploads\/2024\/10\/paneles-ach-panel-sandwich-basic-pur-pir-fachada-PIR.jpg\" data-elementor-open-lightbox=\"yes\" data-elementor-lightbox-title=\"Panel s\u00e1ndwich de fachada PIR\" data-e-action-hash=\"#elementor-action%3Aaction%3Dlightbox%26settings%3DeyJpZCI6NDAzLCJ1cmwiOiJodHRwczpcL1wvd3d3LnBhbmVsZXNhY2guY29tXC93cC1jb250ZW50XC91cGxvYWRzXC8yMDI0XC8xMFwvcGFuZWxlcy1hY2gtcGFuZWwtc2FuZHdpY2gtYmFzaWMtcHVyLXBpci1mYWNoYWRhLVBJUi5qcGcifQ%3D%3D\">\n\t\t\t\t\t\t\t<img loading=\"lazy\" decoding=\"async\" width=\"720\" height=\"455\" src=\"https:\/\/www.panelesach.com\/wp-content\/uploads\/2024\/10\/paneles-ach-panel-sandwich-basic-pur-pir-fachada-PIR.jpg\" class=\"attachment-large size-large wp-image-403\" alt=\"Panel s\u00e1ndwich de fachada PIR\" srcset=\"https:\/\/www.panelesach.com\/wp-content\/uploads\/2024\/10\/paneles-ach-panel-sandwich-basic-pur-pir-fachada-PIR.jpg 720w, https:\/\/www.panelesach.com\/wp-content\/uploads\/2024\/10\/paneles-ach-panel-sandwich-basic-pur-pir-fachada-PIR-300x190.jpg 300w\" sizes=\"(max-width: 720px) 100vw, 720px\" \/>\t\t\t\t\t\t\t\t<\/a>\n\t\t\t\t\t\t\t\t\t\t\t\t\t\t\t<\/div>\n\t\t\t\t<\/div>\n\t\t\t\t\t<\/div>\n\t\t\t\t<\/div>\n\t\t\t\t<\/div>\n\t\t\t\t<div data-elementor-type=\"loop-item\" data-elementor-id=\"301\" class=\"elementor elementor-301 e-loop-item e-loop-item-404 post-404 proyecto type-proyecto status-publish has-post-thumbnail hentry proyecto-paneles-basic-pur-pir\" data-elementor-post-type=\"elementor_library\" data-custom-edit-handle=\"1\">\n\t\t\t<div class=\"elementor-element elementor-element-a6e60b3 e-flex e-con-boxed e-con e-parent\" data-id=\"a6e60b3\" data-element_type=\"container\" data-e-type=\"container\">\n\t\t\t\t\t<div class=\"e-con-inner\">\n\t\t\t\t<div class=\"elementor-element elementor-element-1be8d81 elementor-widget elementor-widget-image\" data-id=\"1be8d81\" data-element_type=\"widget\" data-e-type=\"widget\" data-widget_type=\"image.default\">\n\t\t\t\t<div class=\"elementor-widget-container\">\n\t\t\t\t\t\t\t\t\t\t\t\t\t\t\t\t<a href=\"https:\/\/www.panelesach.com\/wp-content\/uploads\/2024\/10\/paneles-ach-galeria-cerramientos-industriales-supermercado-portugal.png\" data-elementor-open-lightbox=\"yes\" data-elementor-lightbox-title=\"Cerramiento industrial Supermercado Portugal\" data-e-action-hash=\"#elementor-action%3Aaction%3Dlightbox%26settings%3DeyJpZCI6NDA1LCJ1cmwiOiJodHRwczpcL1wvd3d3LnBhbmVsZXNhY2guY29tXC93cC1jb250ZW50XC91cGxvYWRzXC8yMDI0XC8xMFwvcGFuZWxlcy1hY2gtZ2FsZXJpYS1jZXJyYW1pZW50b3MtaW5kdXN0cmlhbGVzLXN1cGVybWVyY2Fkby1wb3J0dWdhbC5wbmcifQ%3D%3D\">\n\t\t\t\t\t\t\t<img loading=\"lazy\" decoding=\"async\" width=\"800\" height=\"506\" src=\"https:\/\/www.panelesach.com\/wp-content\/uploads\/2024\/10\/paneles-ach-galeria-cerramientos-industriales-supermercado-portugal.png\" class=\"attachment-large size-large wp-image-405\" alt=\"Cerramiento industrial Supermercado Portugal\" srcset=\"https:\/\/www.panelesach.com\/wp-content\/uploads\/2024\/10\/paneles-ach-galeria-cerramientos-industriales-supermercado-portugal.png 973w, https:\/\/www.panelesach.com\/wp-content\/uploads\/2024\/10\/paneles-ach-galeria-cerramientos-industriales-supermercado-portugal-300x190.png 300w, https:\/\/www.panelesach.com\/wp-content\/uploads\/2024\/10\/paneles-ach-galeria-cerramientos-industriales-supermercado-portugal-768x485.png 768w\" sizes=\"(max-width: 800px) 100vw, 800px\" \/>\t\t\t\t\t\t\t\t<\/a>\n\t\t\t\t\t\t\t\t\t\t\t\t\t\t\t<\/div>\n\t\t\t\t<\/div>\n\t\t\t\t\t<\/div>\n\t\t\t\t<\/div>\n\t\t\t\t<\/div>\n\t\t\t\t<div data-elementor-type=\"loop-item\" data-elementor-id=\"301\" class=\"elementor elementor-301 e-loop-item e-loop-item-408 post-408 proyecto type-proyecto status-publish has-post-thumbnail hentry proyecto-paneles-basic-pur-pir\" data-elementor-post-type=\"elementor_library\" data-custom-edit-handle=\"1\">\n\t\t\t<div class=\"elementor-element elementor-element-a6e60b3 e-flex e-con-boxed e-con e-parent\" data-id=\"a6e60b3\" data-element_type=\"container\" data-e-type=\"container\">\n\t\t\t\t\t<div class=\"e-con-inner\">\n\t\t\t\t<div class=\"elementor-element elementor-element-1be8d81 elementor-widget elementor-widget-image\" data-id=\"1be8d81\" data-element_type=\"widget\" data-e-type=\"widget\" data-widget_type=\"image.default\">\n\t\t\t\t<div class=\"elementor-widget-container\">\n\t\t\t\t\t\t\t\t\t\t\t\t\t\t\t\t<a href=\"https:\/\/www.panelesach.com\/wp-content\/uploads\/2024\/10\/paneles-ach-panel-fachada-PIR.jpg\" data-elementor-open-lightbox=\"yes\" data-elementor-lightbox-title=\"Inovocorte: Panel Fachada PIR\" data-e-action-hash=\"#elementor-action%3Aaction%3Dlightbox%26settings%3DeyJpZCI6NDA5LCJ1cmwiOiJodHRwczpcL1wvd3d3LnBhbmVsZXNhY2guY29tXC93cC1jb250ZW50XC91cGxvYWRzXC8yMDI0XC8xMFwvcGFuZWxlcy1hY2gtcGFuZWwtZmFjaGFkYS1QSVIuanBnIn0%3D\">\n\t\t\t\t\t\t\t<img loading=\"lazy\" decoding=\"async\" width=\"720\" height=\"455\" src=\"https:\/\/www.panelesach.com\/wp-content\/uploads\/2024\/10\/paneles-ach-panel-fachada-PIR.jpg\" class=\"attachment-large size-large wp-image-409\" alt=\"Inovocorte: Panel Fachada PIR\" srcset=\"https:\/\/www.panelesach.com\/wp-content\/uploads\/2024\/10\/paneles-ach-panel-fachada-PIR.jpg 720w, https:\/\/www.panelesach.com\/wp-content\/uploads\/2024\/10\/paneles-ach-panel-fachada-PIR-300x190.jpg 300w\" sizes=\"(max-width: 720px) 100vw, 720px\" \/>\t\t\t\t\t\t\t\t<\/a>\n\t\t\t\t\t\t\t\t\t\t\t\t\t\t\t<\/div>\n\t\t\t\t<\/div>\n\t\t\t\t\t<\/div>\n\t\t\t\t<\/div>\n\t\t\t\t<\/div>\n\t\t\t\t<div data-elementor-type=\"loop-item\" data-elementor-id=\"301\" class=\"elementor elementor-301 e-loop-item e-loop-item-410 post-410 proyecto type-proyecto status-publish has-post-thumbnail hentry proyecto-paneles-basic-pur-pir\" data-elementor-post-type=\"elementor_library\" data-custom-edit-handle=\"1\">\n\t\t\t<div class=\"elementor-element elementor-element-a6e60b3 e-flex e-con-boxed e-con e-parent\" data-id=\"a6e60b3\" data-element_type=\"container\" data-e-type=\"container\">\n\t\t\t\t\t<div class=\"e-con-inner\">\n\t\t\t\t<div class=\"elementor-element elementor-element-1be8d81 elementor-widget elementor-widget-image\" data-id=\"1be8d81\" data-element_type=\"widget\" data-e-type=\"widget\" data-widget_type=\"image.default\">\n\t\t\t\t<div class=\"elementor-widget-container\">\n\t\t\t\t\t\t\t\t\t\t\t\t\t\t\t\t<a href=\"https:\/\/www.panelesach.com\/wp-content\/uploads\/2024\/10\/paneles-ach-panel-fachada-PIR_2020_1.jpg\" data-elementor-open-lightbox=\"yes\" data-elementor-lightbox-title=\"Santiago Criado: Panel Fachada PIR\" data-e-action-hash=\"#elementor-action%3Aaction%3Dlightbox%26settings%3DeyJpZCI6NDExLCJ1cmwiOiJodHRwczpcL1wvd3d3LnBhbmVsZXNhY2guY29tXC93cC1jb250ZW50XC91cGxvYWRzXC8yMDI0XC8xMFwvcGFuZWxlcy1hY2gtcGFuZWwtZmFjaGFkYS1QSVJfMjAyMF8xLmpwZyJ9\">\n\t\t\t\t\t\t\t<img loading=\"lazy\" decoding=\"async\" width=\"720\" height=\"455\" src=\"https:\/\/www.panelesach.com\/wp-content\/uploads\/2024\/10\/paneles-ach-panel-fachada-PIR_2020_1.jpg\" class=\"attachment-large size-large wp-image-411\" alt=\"Santiago Criado: Panel Fachada PIR\" srcset=\"https:\/\/www.panelesach.com\/wp-content\/uploads\/2024\/10\/paneles-ach-panel-fachada-PIR_2020_1.jpg 720w, https:\/\/www.panelesach.com\/wp-content\/uploads\/2024\/10\/paneles-ach-panel-fachada-PIR_2020_1-300x190.jpg 300w\" sizes=\"(max-width: 720px) 100vw, 720px\" \/>\t\t\t\t\t\t\t\t<\/a>\n\t\t\t\t\t\t\t\t\t\t\t\t\t\t\t<\/div>\n\t\t\t\t<\/div>\n\t\t\t\t\t<\/div>\n\t\t\t\t<\/div>\n\t\t\t\t<\/div>\n\t\t\t\t<div data-elementor-type=\"loop-item\" data-elementor-id=\"301\" class=\"elementor elementor-301 e-loop-item e-loop-item-412 post-412 proyecto type-proyecto status-publish has-post-thumbnail hentry proyecto-paneles-basic-pur-pir\" data-elementor-post-type=\"elementor_library\" data-custom-edit-handle=\"1\">\n\t\t\t<div class=\"elementor-element elementor-element-a6e60b3 e-flex e-con-boxed e-con e-parent\" data-id=\"a6e60b3\" data-element_type=\"container\" data-e-type=\"container\">\n\t\t\t\t\t<div class=\"e-con-inner\">\n\t\t\t\t<div class=\"elementor-element elementor-element-1be8d81 elementor-widget elementor-widget-image\" data-id=\"1be8d81\" data-element_type=\"widget\" data-e-type=\"widget\" data-widget_type=\"image.default\">\n\t\t\t\t<div class=\"elementor-widget-container\">\n\t\t\t\t\t\t\t\t\t\t\t\t\t\t\t\t<a href=\"https:\/\/www.panelesach.com\/wp-content\/uploads\/2024\/10\/paneles-ach-panel-fachada-PIR_2020_2.jpg\" data-elementor-open-lightbox=\"yes\" data-elementor-lightbox-title=\"Panel Fachada PIR\" data-e-action-hash=\"#elementor-action%3Aaction%3Dlightbox%26settings%3DeyJpZCI6NDEzLCJ1cmwiOiJodHRwczpcL1wvd3d3LnBhbmVsZXNhY2guY29tXC93cC1jb250ZW50XC91cGxvYWRzXC8yMDI0XC8xMFwvcGFuZWxlcy1hY2gtcGFuZWwtZmFjaGFkYS1QSVJfMjAyMF8yLmpwZyJ9\">\n\t\t\t\t\t\t\t<img loading=\"lazy\" decoding=\"async\" width=\"720\" height=\"455\" src=\"https:\/\/www.panelesach.com\/wp-content\/uploads\/2024\/10\/paneles-ach-panel-fachada-PIR_2020_2.jpg\" class=\"attachment-large size-large wp-image-413\" alt=\"Panel Fachada PIR\" srcset=\"https:\/\/www.panelesach.com\/wp-content\/uploads\/2024\/10\/paneles-ach-panel-fachada-PIR_2020_2.jpg 720w, https:\/\/www.panelesach.com\/wp-content\/uploads\/2024\/10\/paneles-ach-panel-fachada-PIR_2020_2-300x190.jpg 300w\" sizes=\"(max-width: 720px) 100vw, 720px\" \/>\t\t\t\t\t\t\t\t<\/a>\n\t\t\t\t\t\t\t\t\t\t\t\t\t\t\t<\/div>\n\t\t\t\t<\/div>\n\t\t\t\t\t<\/div>\n\t\t\t\t<\/div>\n\t\t\t\t<\/div>\n\t\t\t\t<div data-elementor-type=\"loop-item\" data-elementor-id=\"301\" class=\"elementor elementor-301 e-loop-item e-loop-item-414 post-414 proyecto type-proyecto status-publish has-post-thumbnail hentry proyecto-soluciones-acusticas\" data-elementor-post-type=\"elementor_library\" data-custom-edit-handle=\"1\">\n\t\t\t<div class=\"elementor-element elementor-element-a6e60b3 e-flex e-con-boxed e-con e-parent\" data-id=\"a6e60b3\" data-element_type=\"container\" data-e-type=\"container\">\n\t\t\t\t\t<div class=\"e-con-inner\">\n\t\t\t\t<div class=\"elementor-element elementor-element-1be8d81 elementor-widget elementor-widget-image\" data-id=\"1be8d81\" data-element_type=\"widget\" data-e-type=\"widget\" data-widget_type=\"image.default\">\n\t\t\t\t<div class=\"elementor-widget-container\">\n\t\t\t\t\t\t\t\t\t\t\t\t\t\t\t\t<a href=\"https:\/\/www.panelesach.com\/wp-content\/uploads\/2024\/10\/paneles-ach-galeria-soluciones-acusticas-pantalla-01.jpg\" data-elementor-open-lightbox=\"yes\" data-elementor-lightbox-title=\"Barrera ac\u00fastica. Autopista A-6. (Madrid)\" data-e-action-hash=\"#elementor-action%3Aaction%3Dlightbox%26settings%3DeyJpZCI6NDE1LCJ1cmwiOiJodHRwczpcL1wvd3d3LnBhbmVsZXNhY2guY29tXC93cC1jb250ZW50XC91cGxvYWRzXC8yMDI0XC8xMFwvcGFuZWxlcy1hY2gtZ2FsZXJpYS1zb2x1Y2lvbmVzLWFjdXN0aWNhcy1wYW50YWxsYS0wMS5qcGcifQ%3D%3D\">\n\t\t\t\t\t\t\t<img loading=\"lazy\" decoding=\"async\" width=\"800\" height=\"506\" src=\"https:\/\/www.panelesach.com\/wp-content\/uploads\/2024\/10\/paneles-ach-galeria-soluciones-acusticas-pantalla-01.jpg\" class=\"attachment-large size-large wp-image-415\" alt=\"Barrera ac\u00fastica. Autopista A-6. (Madrid)\" srcset=\"https:\/\/www.panelesach.com\/wp-content\/uploads\/2024\/10\/paneles-ach-galeria-soluciones-acusticas-pantalla-01.jpg 973w, https:\/\/www.panelesach.com\/wp-content\/uploads\/2024\/10\/paneles-ach-galeria-soluciones-acusticas-pantalla-01-300x190.jpg 300w, https:\/\/www.panelesach.com\/wp-content\/uploads\/2024\/10\/paneles-ach-galeria-soluciones-acusticas-pantalla-01-768x485.jpg 768w\" sizes=\"(max-width: 800px) 100vw, 800px\" \/>\t\t\t\t\t\t\t\t<\/a>\n\t\t\t\t\t\t\t\t\t\t\t\t\t\t\t<\/div>\n\t\t\t\t<\/div>\n\t\t\t\t\t<\/div>\n\t\t\t\t<\/div>\n\t\t\t\t<\/div>\n\t\t\t\t<div data-elementor-type=\"loop-item\" data-elementor-id=\"301\" class=\"elementor elementor-301 e-loop-item e-loop-item-416 post-416 proyecto type-proyecto status-publish has-post-thumbnail hentry proyecto-soluciones-acusticas\" data-elementor-post-type=\"elementor_library\" data-custom-edit-handle=\"1\">\n\t\t\t<div class=\"elementor-element elementor-element-a6e60b3 e-flex e-con-boxed e-con e-parent\" data-id=\"a6e60b3\" data-element_type=\"container\" data-e-type=\"container\">\n\t\t\t\t\t<div class=\"e-con-inner\">\n\t\t\t\t<div class=\"elementor-element elementor-element-1be8d81 elementor-widget elementor-widget-image\" data-id=\"1be8d81\" data-element_type=\"widget\" data-e-type=\"widget\" data-widget_type=\"image.default\">\n\t\t\t\t<div class=\"elementor-widget-container\">\n\t\t\t\t\t\t\t\t\t\t\t\t\t\t\t\t<a href=\"https:\/\/www.panelesach.com\/wp-content\/uploads\/2024\/10\/paneles-ach-galeria-soluciones-acusticas-pantalla-02.jpg\" data-elementor-open-lightbox=\"yes\" data-elementor-lightbox-title=\"Barrera ac\u00fastica. Autopista A-6. (Madrid)\" data-e-action-hash=\"#elementor-action%3Aaction%3Dlightbox%26settings%3DeyJpZCI6NDE3LCJ1cmwiOiJodHRwczpcL1wvd3d3LnBhbmVsZXNhY2guY29tXC93cC1jb250ZW50XC91cGxvYWRzXC8yMDI0XC8xMFwvcGFuZWxlcy1hY2gtZ2FsZXJpYS1zb2x1Y2lvbmVzLWFjdXN0aWNhcy1wYW50YWxsYS0wMi5qcGcifQ%3D%3D\">\n\t\t\t\t\t\t\t<img loading=\"lazy\" decoding=\"async\" width=\"800\" height=\"506\" src=\"https:\/\/www.panelesach.com\/wp-content\/uploads\/2024\/10\/paneles-ach-galeria-soluciones-acusticas-pantalla-02.jpg\" class=\"attachment-large size-large wp-image-417\" alt=\"Barrera ac\u00fastica. Autopista A-6. (Madrid)\" srcset=\"https:\/\/www.panelesach.com\/wp-content\/uploads\/2024\/10\/paneles-ach-galeria-soluciones-acusticas-pantalla-02.jpg 973w, https:\/\/www.panelesach.com\/wp-content\/uploads\/2024\/10\/paneles-ach-galeria-soluciones-acusticas-pantalla-02-300x190.jpg 300w, https:\/\/www.panelesach.com\/wp-content\/uploads\/2024\/10\/paneles-ach-galeria-soluciones-acusticas-pantalla-02-768x485.jpg 768w\" sizes=\"(max-width: 800px) 100vw, 800px\" \/>\t\t\t\t\t\t\t\t<\/a>\n\t\t\t\t\t\t\t\t\t\t\t\t\t\t\t<\/div>\n\t\t\t\t<\/div>\n\t\t\t\t\t<\/div>\n\t\t\t\t<\/div>\n\t\t\t\t<\/div>\n\t\t\t\t<div data-elementor-type=\"loop-item\" data-elementor-id=\"301\" class=\"elementor elementor-301 e-loop-item e-loop-item-418 post-418 proyecto type-proyecto status-publish has-post-thumbnail hentry proyecto-soluciones-acusticas\" data-elementor-post-type=\"elementor_library\" data-custom-edit-handle=\"1\">\n\t\t\t<div class=\"elementor-element elementor-element-a6e60b3 e-flex e-con-boxed e-con e-parent\" data-id=\"a6e60b3\" data-element_type=\"container\" data-e-type=\"container\">\n\t\t\t\t\t<div class=\"e-con-inner\">\n\t\t\t\t<div class=\"elementor-element elementor-element-1be8d81 elementor-widget elementor-widget-image\" data-id=\"1be8d81\" data-element_type=\"widget\" data-e-type=\"widget\" data-widget_type=\"image.default\">\n\t\t\t\t<div class=\"elementor-widget-container\">\n\t\t\t\t\t\t\t\t\t\t\t\t\t\t\t\t<a href=\"https:\/\/www.panelesach.com\/wp-content\/uploads\/2024\/10\/paneles-ach-galeria-soluciones-acusticas-pantalla-03.jpg\" data-elementor-open-lightbox=\"yes\" data-elementor-lightbox-title=\"Barrera ac\u00fastica. Autopista A-6. (Madrid)\" data-e-action-hash=\"#elementor-action%3Aaction%3Dlightbox%26settings%3DeyJpZCI6NDE5LCJ1cmwiOiJodHRwczpcL1wvd3d3LnBhbmVsZXNhY2guY29tXC93cC1jb250ZW50XC91cGxvYWRzXC8yMDI0XC8xMFwvcGFuZWxlcy1hY2gtZ2FsZXJpYS1zb2x1Y2lvbmVzLWFjdXN0aWNhcy1wYW50YWxsYS0wMy5qcGcifQ%3D%3D\">\n\t\t\t\t\t\t\t<img loading=\"lazy\" decoding=\"async\" width=\"800\" height=\"506\" src=\"https:\/\/www.panelesach.com\/wp-content\/uploads\/2024\/10\/paneles-ach-galeria-soluciones-acusticas-pantalla-03.jpg\" class=\"attachment-large size-large wp-image-419\" alt=\"Barrera ac\u00fastica. Autopista A-6. (Madrid)\" srcset=\"https:\/\/www.panelesach.com\/wp-content\/uploads\/2024\/10\/paneles-ach-galeria-soluciones-acusticas-pantalla-03.jpg 973w, https:\/\/www.panelesach.com\/wp-content\/uploads\/2024\/10\/paneles-ach-galeria-soluciones-acusticas-pantalla-03-300x190.jpg 300w, https:\/\/www.panelesach.com\/wp-content\/uploads\/2024\/10\/paneles-ach-galeria-soluciones-acusticas-pantalla-03-768x485.jpg 768w\" sizes=\"(max-width: 800px) 100vw, 800px\" \/>\t\t\t\t\t\t\t\t<\/a>\n\t\t\t\t\t\t\t\t\t\t\t\t\t\t\t<\/div>\n\t\t\t\t<\/div>\n\t\t\t\t\t<\/div>\n\t\t\t\t<\/div>\n\t\t\t\t<\/div>\n\t\t\t\t<div data-elementor-type=\"loop-item\" data-elementor-id=\"301\" class=\"elementor elementor-301 e-loop-item e-loop-item-420 post-420 proyecto type-proyecto status-publish has-post-thumbnail hentry proyecto-soluciones-acusticas\" data-elementor-post-type=\"elementor_library\" data-custom-edit-handle=\"1\">\n\t\t\t<div class=\"elementor-element elementor-element-a6e60b3 e-flex e-con-boxed e-con e-parent\" data-id=\"a6e60b3\" data-element_type=\"container\" data-e-type=\"container\">\n\t\t\t\t\t<div class=\"e-con-inner\">\n\t\t\t\t<div class=\"elementor-element elementor-element-1be8d81 elementor-widget elementor-widget-image\" data-id=\"1be8d81\" data-element_type=\"widget\" data-e-type=\"widget\" data-widget_type=\"image.default\">\n\t\t\t\t<div class=\"elementor-widget-container\">\n\t\t\t\t\t\t\t\t\t\t\t\t\t\t\t\t<a href=\"https:\/\/www.panelesach.com\/wp-content\/uploads\/2024\/10\/paneles-ach-galeria-soluciones-acusticas-apantallamiento-acustico-peru.png\" data-elementor-open-lightbox=\"yes\" data-elementor-lightbox-title=\"Apantallamiento ac\u00fastico de gran altura en Per\u00fa\" data-e-action-hash=\"#elementor-action%3Aaction%3Dlightbox%26settings%3DeyJpZCI6NDIxLCJ1cmwiOiJodHRwczpcL1wvd3d3LnBhbmVsZXNhY2guY29tXC93cC1jb250ZW50XC91cGxvYWRzXC8yMDI0XC8xMFwvcGFuZWxlcy1hY2gtZ2FsZXJpYS1zb2x1Y2lvbmVzLWFjdXN0aWNhcy1hcGFudGFsbGFtaWVudG8tYWN1c3RpY28tcGVydS5wbmcifQ%3D%3D\">\n\t\t\t\t\t\t\t<img loading=\"lazy\" decoding=\"async\" width=\"800\" height=\"506\" src=\"https:\/\/www.panelesach.com\/wp-content\/uploads\/2024\/10\/paneles-ach-galeria-soluciones-acusticas-apantallamiento-acustico-peru.png\" class=\"attachment-large size-large wp-image-421\" alt=\"Apantallamiento ac\u00fastico de gran altura en Per\u00fa\" srcset=\"https:\/\/www.panelesach.com\/wp-content\/uploads\/2024\/10\/paneles-ach-galeria-soluciones-acusticas-apantallamiento-acustico-peru.png 973w, https:\/\/www.panelesach.com\/wp-content\/uploads\/2024\/10\/paneles-ach-galeria-soluciones-acusticas-apantallamiento-acustico-peru-300x190.png 300w, https:\/\/www.panelesach.com\/wp-content\/uploads\/2024\/10\/paneles-ach-galeria-soluciones-acusticas-apantallamiento-acustico-peru-768x485.png 768w\" sizes=\"(max-width: 800px) 100vw, 800px\" \/>\t\t\t\t\t\t\t\t<\/a>\n\t\t\t\t\t\t\t\t\t\t\t\t\t\t\t<\/div>\n\t\t\t\t<\/div>\n\t\t\t\t\t<\/div>\n\t\t\t\t<\/div>\n\t\t\t\t<\/div>\n\t\t\t\t<div data-elementor-type=\"loop-item\" data-elementor-id=\"301\" class=\"elementor elementor-301 e-loop-item e-loop-item-422 post-422 proyecto type-proyecto status-publish has-post-thumbnail hentry proyecto-soluciones-acusticas\" data-elementor-post-type=\"elementor_library\" data-custom-edit-handle=\"1\">\n\t\t\t<div class=\"elementor-element elementor-element-a6e60b3 e-flex e-con-boxed e-con e-parent\" data-id=\"a6e60b3\" data-element_type=\"container\" data-e-type=\"container\">\n\t\t\t\t\t<div class=\"e-con-inner\">\n\t\t\t\t<div class=\"elementor-element elementor-element-1be8d81 elementor-widget elementor-widget-image\" data-id=\"1be8d81\" data-element_type=\"widget\" data-e-type=\"widget\" data-widget_type=\"image.default\">\n\t\t\t\t<div class=\"elementor-widget-container\">\n\t\t\t\t\t\t\t\t\t\t\t\t\t\t\t\t<a href=\"https:\/\/www.panelesach.com\/wp-content\/uploads\/2024\/10\/paneles-ach-galeria-soluciones-acusticas-proteccion-acustica-estacion-tren.png\" data-elementor-open-lightbox=\"yes\" data-elementor-lightbox-title=\"Protecci\u00f3n ac\u00fastica en estaci\u00f3n de ferrocarril\" data-e-action-hash=\"#elementor-action%3Aaction%3Dlightbox%26settings%3DeyJpZCI6NDIzLCJ1cmwiOiJodHRwczpcL1wvd3d3LnBhbmVsZXNhY2guY29tXC93cC1jb250ZW50XC91cGxvYWRzXC8yMDI0XC8xMFwvcGFuZWxlcy1hY2gtZ2FsZXJpYS1zb2x1Y2lvbmVzLWFjdXN0aWNhcy1wcm90ZWNjaW9uLWFjdXN0aWNhLWVzdGFjaW9uLXRyZW4ucG5nIn0%3D\">\n\t\t\t\t\t\t\t<img loading=\"lazy\" decoding=\"async\" width=\"800\" height=\"506\" src=\"https:\/\/www.panelesach.com\/wp-content\/uploads\/2024\/10\/paneles-ach-galeria-soluciones-acusticas-proteccion-acustica-estacion-tren.png\" class=\"attachment-large size-large wp-image-423\" alt=\"Protecci\u00f3n ac\u00fastica en estaci\u00f3n de ferrocarril\" srcset=\"https:\/\/www.panelesach.com\/wp-content\/uploads\/2024\/10\/paneles-ach-galeria-soluciones-acusticas-proteccion-acustica-estacion-tren.png 973w, https:\/\/www.panelesach.com\/wp-content\/uploads\/2024\/10\/paneles-ach-galeria-soluciones-acusticas-proteccion-acustica-estacion-tren-300x190.png 300w, https:\/\/www.panelesach.com\/wp-content\/uploads\/2024\/10\/paneles-ach-galeria-soluciones-acusticas-proteccion-acustica-estacion-tren-768x485.png 768w\" sizes=\"(max-width: 800px) 100vw, 800px\" \/>\t\t\t\t\t\t\t\t<\/a>\n\t\t\t\t\t\t\t\t\t\t\t\t\t\t\t<\/div>\n\t\t\t\t<\/div>\n\t\t\t\t\t<\/div>\n\t\t\t\t<\/div>\n\t\t\t\t<\/div>\n\t\t\t\t<div data-elementor-type=\"loop-item\" data-elementor-id=\"301\" class=\"elementor elementor-301 e-loop-item e-loop-item-424 post-424 proyecto type-proyecto status-publish has-post-thumbnail hentry proyecto-soluciones-acusticas\" data-elementor-post-type=\"elementor_library\" data-custom-edit-handle=\"1\">\n\t\t\t<div class=\"elementor-element elementor-element-a6e60b3 e-flex e-con-boxed e-con e-parent\" data-id=\"a6e60b3\" data-element_type=\"container\" data-e-type=\"container\">\n\t\t\t\t\t<div class=\"e-con-inner\">\n\t\t\t\t<div class=\"elementor-element elementor-element-1be8d81 elementor-widget elementor-widget-image\" data-id=\"1be8d81\" data-element_type=\"widget\" data-e-type=\"widget\" data-widget_type=\"image.default\">\n\t\t\t\t<div class=\"elementor-widget-container\">\n\t\t\t\t\t\t\t\t\t\t\t\t\t\t\t\t<a href=\"https:\/\/www.panelesach.com\/wp-content\/uploads\/2024\/10\/paneles-ach-galeria-soluciones-acusticas-acondicionamiento-acustico-cubierta-edificio.png\" data-elementor-open-lightbox=\"yes\" data-elementor-lightbox-title=\"Acondicionamiento ac\u00fastico en cubierta de edificio\" data-e-action-hash=\"#elementor-action%3Aaction%3Dlightbox%26settings%3DeyJpZCI6NDI1LCJ1cmwiOiJodHRwczpcL1wvd3d3LnBhbmVsZXNhY2guY29tXC93cC1jb250ZW50XC91cGxvYWRzXC8yMDI0XC8xMFwvcGFuZWxlcy1hY2gtZ2FsZXJpYS1zb2x1Y2lvbmVzLWFjdXN0aWNhcy1hY29uZGljaW9uYW1pZW50by1hY3VzdGljby1jdWJpZXJ0YS1lZGlmaWNpby5wbmcifQ%3D%3D\">\n\t\t\t\t\t\t\t<img loading=\"lazy\" decoding=\"async\" width=\"800\" height=\"506\" src=\"https:\/\/www.panelesach.com\/wp-content\/uploads\/2024\/10\/paneles-ach-galeria-soluciones-acusticas-acondicionamiento-acustico-cubierta-edificio.png\" class=\"attachment-large size-large wp-image-425\" alt=\"Acondicionamiento ac\u00fastico en cubierta de edificio\" srcset=\"https:\/\/www.panelesach.com\/wp-content\/uploads\/2024\/10\/paneles-ach-galeria-soluciones-acusticas-acondicionamiento-acustico-cubierta-edificio.png 973w, https:\/\/www.panelesach.com\/wp-content\/uploads\/2024\/10\/paneles-ach-galeria-soluciones-acusticas-acondicionamiento-acustico-cubierta-edificio-300x190.png 300w, https:\/\/www.panelesach.com\/wp-content\/uploads\/2024\/10\/paneles-ach-galeria-soluciones-acusticas-acondicionamiento-acustico-cubierta-edificio-768x485.png 768w\" sizes=\"(max-width: 800px) 100vw, 800px\" \/>\t\t\t\t\t\t\t\t<\/a>\n\t\t\t\t\t\t\t\t\t\t\t\t\t\t\t<\/div>\n\t\t\t\t<\/div>\n\t\t\t\t\t<\/div>\n\t\t\t\t<\/div>\n\t\t\t\t<\/div>\n\t\t\t\t<div data-elementor-type=\"loop-item\" data-elementor-id=\"301\" class=\"elementor elementor-301 e-loop-item e-loop-item-426 post-426 proyecto type-proyecto status-publish has-post-thumbnail hentry proyecto-soluciones-acusticas\" data-elementor-post-type=\"elementor_library\" data-custom-edit-handle=\"1\">\n\t\t\t<div class=\"elementor-element elementor-element-a6e60b3 e-flex e-con-boxed e-con e-parent\" data-id=\"a6e60b3\" data-element_type=\"container\" data-e-type=\"container\">\n\t\t\t\t\t<div class=\"e-con-inner\">\n\t\t\t\t<div class=\"elementor-element elementor-element-1be8d81 elementor-widget elementor-widget-image\" data-id=\"1be8d81\" data-element_type=\"widget\" data-e-type=\"widget\" data-widget_type=\"image.default\">\n\t\t\t\t<div class=\"elementor-widget-container\">\n\t\t\t\t\t\t\t\t\t\t\t\t\t\t\t\t<a href=\"https:\/\/www.panelesach.com\/wp-content\/uploads\/2024\/10\/paneles-ach-galeria-soluciones-acusticas-acondicionamiento-acustico-centro-transformacion.png\" data-elementor-open-lightbox=\"yes\" data-elementor-lightbox-title=\"Acondicionamiento ac\u00fastico en centros de transformaci\u00f3n\" data-e-action-hash=\"#elementor-action%3Aaction%3Dlightbox%26settings%3DeyJpZCI6NDI3LCJ1cmwiOiJodHRwczpcL1wvd3d3LnBhbmVsZXNhY2guY29tXC93cC1jb250ZW50XC91cGxvYWRzXC8yMDI0XC8xMFwvcGFuZWxlcy1hY2gtZ2FsZXJpYS1zb2x1Y2lvbmVzLWFjdXN0aWNhcy1hY29uZGljaW9uYW1pZW50by1hY3VzdGljby1jZW50cm8tdHJhbnNmb3JtYWNpb24ucG5nIn0%3D\">\n\t\t\t\t\t\t\t<img loading=\"lazy\" decoding=\"async\" width=\"800\" height=\"506\" src=\"https:\/\/www.panelesach.com\/wp-content\/uploads\/2024\/10\/paneles-ach-galeria-soluciones-acusticas-acondicionamiento-acustico-centro-transformacion.png\" class=\"attachment-large size-large wp-image-427\" alt=\"Acondicionamiento ac\u00fastico en centros de transformaci\u00f3n\" srcset=\"https:\/\/www.panelesach.com\/wp-content\/uploads\/2024\/10\/paneles-ach-galeria-soluciones-acusticas-acondicionamiento-acustico-centro-transformacion.png 973w, https:\/\/www.panelesach.com\/wp-content\/uploads\/2024\/10\/paneles-ach-galeria-soluciones-acusticas-acondicionamiento-acustico-centro-transformacion-300x190.png 300w, https:\/\/www.panelesach.com\/wp-content\/uploads\/2024\/10\/paneles-ach-galeria-soluciones-acusticas-acondicionamiento-acustico-centro-transformacion-768x485.png 768w\" sizes=\"(max-width: 800px) 100vw, 800px\" \/>\t\t\t\t\t\t\t\t<\/a>\n\t\t\t\t\t\t\t\t\t\t\t\t\t\t\t<\/div>\n\t\t\t\t<\/div>\n\t\t\t\t\t<\/div>\n\t\t\t\t<\/div>\n\t\t\t\t<\/div>\n\t\t\t\t<div data-elementor-type=\"loop-item\" data-elementor-id=\"301\" class=\"elementor elementor-301 e-loop-item e-loop-item-428 post-428 proyecto type-proyecto status-publish has-post-thumbnail hentry proyecto-soluciones-acusticas\" data-elementor-post-type=\"elementor_library\" data-custom-edit-handle=\"1\">\n\t\t\t<div class=\"elementor-element elementor-element-a6e60b3 e-flex e-con-boxed e-con e-parent\" data-id=\"a6e60b3\" data-element_type=\"container\" data-e-type=\"container\">\n\t\t\t\t\t<div class=\"e-con-inner\">\n\t\t\t\t<div class=\"elementor-element elementor-element-1be8d81 elementor-widget elementor-widget-image\" data-id=\"1be8d81\" data-element_type=\"widget\" data-e-type=\"widget\" data-widget_type=\"image.default\">\n\t\t\t\t<div class=\"elementor-widget-container\">\n\t\t\t\t\t\t\t\t\t\t\t\t\t\t\t\t<a href=\"https:\/\/www.panelesach.com\/wp-content\/uploads\/2024\/10\/paneles-ach-galeria-soluciones-acusticas-acondicionamiento-acustico-maquinaria.png\" data-elementor-open-lightbox=\"yes\" data-elementor-lightbox-title=\"Acondicionamiento ac\u00fastico de maquinaria\" data-e-action-hash=\"#elementor-action%3Aaction%3Dlightbox%26settings%3DeyJpZCI6NDI5LCJ1cmwiOiJodHRwczpcL1wvd3d3LnBhbmVsZXNhY2guY29tXC93cC1jb250ZW50XC91cGxvYWRzXC8yMDI0XC8xMFwvcGFuZWxlcy1hY2gtZ2FsZXJpYS1zb2x1Y2lvbmVzLWFjdXN0aWNhcy1hY29uZGljaW9uYW1pZW50by1hY3VzdGljby1tYXF1aW5hcmlhLnBuZyJ9\">\n\t\t\t\t\t\t\t<img loading=\"lazy\" decoding=\"async\" width=\"800\" height=\"506\" src=\"https:\/\/www.panelesach.com\/wp-content\/uploads\/2024\/10\/paneles-ach-galeria-soluciones-acusticas-acondicionamiento-acustico-maquinaria.png\" class=\"attachment-large size-large wp-image-429\" alt=\"Acondicionamiento ac\u00fastico de maquinaria\" srcset=\"https:\/\/www.panelesach.com\/wp-content\/uploads\/2024\/10\/paneles-ach-galeria-soluciones-acusticas-acondicionamiento-acustico-maquinaria.png 973w, https:\/\/www.panelesach.com\/wp-content\/uploads\/2024\/10\/paneles-ach-galeria-soluciones-acusticas-acondicionamiento-acustico-maquinaria-300x190.png 300w, https:\/\/www.panelesach.com\/wp-content\/uploads\/2024\/10\/paneles-ach-galeria-soluciones-acusticas-acondicionamiento-acustico-maquinaria-768x485.png 768w\" sizes=\"(max-width: 800px) 100vw, 800px\" \/>\t\t\t\t\t\t\t\t<\/a>\n\t\t\t\t\t\t\t\t\t\t\t\t\t\t\t<\/div>\n\t\t\t\t<\/div>\n\t\t\t\t\t<\/div>\n\t\t\t\t<\/div>\n\t\t\t\t<\/div>\n\t\t\t\t<div data-elementor-type=\"loop-item\" data-elementor-id=\"301\" class=\"elementor elementor-301 e-loop-item e-loop-item-430 post-430 proyecto type-proyecto status-publish has-post-thumbnail hentry proyecto-soluciones-acusticas\" data-elementor-post-type=\"elementor_library\" data-custom-edit-handle=\"1\">\n\t\t\t<div class=\"elementor-element elementor-element-a6e60b3 e-flex e-con-boxed e-con e-parent\" data-id=\"a6e60b3\" data-element_type=\"container\" data-e-type=\"container\">\n\t\t\t\t\t<div class=\"e-con-inner\">\n\t\t\t\t<div class=\"elementor-element elementor-element-1be8d81 elementor-widget elementor-widget-image\" data-id=\"1be8d81\" data-element_type=\"widget\" data-e-type=\"widget\" data-widget_type=\"image.default\">\n\t\t\t\t<div class=\"elementor-widget-container\">\n\t\t\t\t\t\t\t\t\t\t\t\t\t\t\t\t<a href=\"https:\/\/www.panelesach.com\/wp-content\/uploads\/2024\/10\/paneles-ach-galeria-soluciones-acusticas-acondicionamiento-acustico-temporal-obra.png\" data-elementor-open-lightbox=\"yes\" data-elementor-lightbox-title=\"Acondicionamiento ac\u00fastico temporal de obra\" data-e-action-hash=\"#elementor-action%3Aaction%3Dlightbox%26settings%3DeyJpZCI6NDMxLCJ1cmwiOiJodHRwczpcL1wvd3d3LnBhbmVsZXNhY2guY29tXC93cC1jb250ZW50XC91cGxvYWRzXC8yMDI0XC8xMFwvcGFuZWxlcy1hY2gtZ2FsZXJpYS1zb2x1Y2lvbmVzLWFjdXN0aWNhcy1hY29uZGljaW9uYW1pZW50by1hY3VzdGljby10ZW1wb3JhbC1vYnJhLnBuZyJ9\">\n\t\t\t\t\t\t\t<img loading=\"lazy\" decoding=\"async\" width=\"800\" height=\"506\" src=\"https:\/\/www.panelesach.com\/wp-content\/uploads\/2024\/10\/paneles-ach-galeria-soluciones-acusticas-acondicionamiento-acustico-temporal-obra.png\" class=\"attachment-large size-large wp-image-431\" alt=\"Acondicionamiento ac\u00fastico temporal de obra\" srcset=\"https:\/\/www.panelesach.com\/wp-content\/uploads\/2024\/10\/paneles-ach-galeria-soluciones-acusticas-acondicionamiento-acustico-temporal-obra.png 973w, https:\/\/www.panelesach.com\/wp-content\/uploads\/2024\/10\/paneles-ach-galeria-soluciones-acusticas-acondicionamiento-acustico-temporal-obra-300x190.png 300w, https:\/\/www.panelesach.com\/wp-content\/uploads\/2024\/10\/paneles-ach-galeria-soluciones-acusticas-acondicionamiento-acustico-temporal-obra-768x485.png 768w\" sizes=\"(max-width: 800px) 100vw, 800px\" \/>\t\t\t\t\t\t\t\t<\/a>\n\t\t\t\t\t\t\t\t\t\t\t\t\t\t\t<\/div>\n\t\t\t\t<\/div>\n\t\t\t\t\t<\/div>\n\t\t\t\t<\/div>\n\t\t\t\t<\/div>\n\t\t\t\t<div data-elementor-type=\"loop-item\" data-elementor-id=\"301\" class=\"elementor elementor-301 e-loop-item e-loop-item-432 post-432 proyecto type-proyecto status-publish has-post-thumbnail hentry proyecto-chapa-perfilada\" data-elementor-post-type=\"elementor_library\" data-custom-edit-handle=\"1\">\n\t\t\t<div class=\"elementor-element elementor-element-a6e60b3 e-flex e-con-boxed e-con e-parent\" data-id=\"a6e60b3\" data-element_type=\"container\" data-e-type=\"container\">\n\t\t\t\t\t<div class=\"e-con-inner\">\n\t\t\t\t<div class=\"elementor-element elementor-element-1be8d81 elementor-widget elementor-widget-image\" data-id=\"1be8d81\" data-element_type=\"widget\" data-e-type=\"widget\" data-widget_type=\"image.default\">\n\t\t\t\t<div class=\"elementor-widget-container\">\n\t\t\t\t\t\t\t\t\t\t\t\t\t\t\t\t<a href=\"https:\/\/www.panelesach.com\/wp-content\/uploads\/2024\/10\/candelaria1-scaled.jpg\" data-elementor-open-lightbox=\"yes\" data-elementor-lightbox-title=\"Obra donde ACH ha suministrado 375 m2 de chapa perfilada 30\/204 acabado HDX55\" data-e-action-hash=\"#elementor-action%3Aaction%3Dlightbox%26settings%3DeyJpZCI6NDMzLCJ1cmwiOiJodHRwczpcL1wvd3d3LnBhbmVsZXNhY2guY29tXC93cC1jb250ZW50XC91cGxvYWRzXC8yMDI0XC8xMFwvY2FuZGVsYXJpYTEtc2NhbGVkLmpwZyJ9\">\n\t\t\t\t\t\t\t<img loading=\"lazy\" decoding=\"async\" width=\"800\" height=\"534\" src=\"https:\/\/www.panelesach.com\/wp-content\/uploads\/2024\/10\/candelaria1-1024x683.jpg\" class=\"attachment-large size-large wp-image-433\" alt=\"Obra donde ACH ha suministrado 375 m2 de chapa perfilada 30\/204 acabado HDX55\" srcset=\"https:\/\/www.panelesach.com\/wp-content\/uploads\/2024\/10\/candelaria1-1024x683.jpg 1024w, https:\/\/www.panelesach.com\/wp-content\/uploads\/2024\/10\/candelaria1-300x200.jpg 300w, https:\/\/www.panelesach.com\/wp-content\/uploads\/2024\/10\/candelaria1-768x512.jpg 768w, https:\/\/www.panelesach.com\/wp-content\/uploads\/2024\/10\/candelaria1-1536x1024.jpg 1536w, https:\/\/www.panelesach.com\/wp-content\/uploads\/2024\/10\/candelaria1-2048x1365.jpg 2048w\" sizes=\"(max-width: 800px) 100vw, 800px\" \/>\t\t\t\t\t\t\t\t<\/a>\n\t\t\t\t\t\t\t\t\t\t\t\t\t\t\t<\/div>\n\t\t\t\t<\/div>\n\t\t\t\t\t<\/div>\n\t\t\t\t<\/div>\n\t\t\t\t<\/div>\n\t\t\t\t<\/div>\n\t\t\n\t\t\t\t\t\t<\/div>\n\t\t\t\t<\/div>\n\t\t\t\t\t<\/div>\n\t\t\t\t<\/div>\n\t\t\t\t<\/div>\n\t\t","protected":false},"excerpt":{"rendered":"<p>Panneaux ACH Projects Nos projets de cl\u00f4tures industrielles, nos solutions pour les toits et les fa\u00e7ades, nos solutions acoustiques et de r\u00e9sistance au feu offrent la plus grande qualit\u00e9, certificat et versatilit\u00e9. Paneles Lana de Roca Iluminaci\u00f3n Natural Paneles Basic PUR-PIR Soluciones Ac\u00fasticas Chapa Perfilada Tout<\/p>\n","protected":false},"author":1,"featured_media":0,"parent":0,"menu_order":0,"comment_status":"closed","ping_status":"closed","template":"","meta":{"_acf_changed":false,"footnotes":""},"class_list":["post-7311","page","type-page","status-publish","hentry"],"acf":[],"_links":{"self":[{"href":"https:\/\/www.panelesach.com\/fr\/wp-json\/wp\/v2\/pages\/7311","targetHints":{"allow":["GET"]}}],"collection":[{"href":"https:\/\/www.panelesach.com\/fr\/wp-json\/wp\/v2\/pages"}],"about":[{"href":"https:\/\/www.panelesach.com\/fr\/wp-json\/wp\/v2\/types\/page"}],"author":[{"embeddable":true,"href":"https:\/\/www.panelesach.com\/fr\/wp-json\/wp\/v2\/users\/1"}],"replies":[{"embeddable":true,"href":"https:\/\/www.panelesach.com\/fr\/wp-json\/wp\/v2\/comments?post=7311"}],"version-history":[{"count":0,"href":"https:\/\/www.panelesach.com\/fr\/wp-json\/wp\/v2\/pages\/7311\/revisions"}],"wp:attachment":[{"href":"https:\/\/www.panelesach.com\/fr\/wp-json\/wp\/v2\/media?parent=7311"}],"curies":[{"name":"wp","href":"https:\/\/api.w.org\/{rel}","templated":true}]}}